{"id":108852,"date":"2025-05-11T17:39:44","date_gmt":"2025-05-11T15:39:44","guid":{"rendered":"https:\/\/maisondebacon.fr\/?page_id=108852"},"modified":"2025-07-17T18:37:53","modified_gmt":"2025-07-17T16:37:53","slug":"villa-les-roches-de-bacon","status":"publish","type":"page","link":"https:\/\/maisondebacon.fr\/en\/villa-les-roches-de-bacon\/","title":{"rendered":"Villa Les Roches de Bacon"},"content":{"rendered":"\t\t<div data-elementor-type=\"wp-page\" data-elementor-id=\"108852\" class=\"elementor elementor-108852\" data-elementor-post-type=\"page\">\n\t\t\t\t<div class=\"elementor-element elementor-element-167c86ed e-con-full e-flex e-con e-parent\" data-id=\"167c86ed\" data-element_type=\"container\" data-e-type=\"container\" data-settings=\"{&quot;background_background&quot;:&quot;video&quot;,&quot;motion_fx_motion_fx_scrolling&quot;:&quot;yes&quot;,&quot;motion_fx_range&quot;:&quot;viewport&quot;,&quot;background_play_on_mobile&quot;:&quot;yes&quot;,&quot;motion_fx_devices&quot;:[&quot;desktop&quot;,&quot;tablet&quot;,&quot;mobile&quot;]}\">\n\t\t<div class=\"elementor-element elementor-element-57e6219 e-flex e-con-boxed e-con e-child\" data-id=\"57e6219\" data-element_type=\"container\" data-e-type=\"container\" data-settings=\"{&quot;background_background&quot;:&quot;classic&quot;}\">\n\t\t\t\t\t<div class=\"e-con-inner\">\n\t\t\t\t<div class=\"elementor-element elementor-element-2d2e0d79 elementor-widget elementor-widget-spacer\" data-id=\"2d2e0d79\" data-element_type=\"widget\" data-e-type=\"widget\" data-widget_type=\"spacer.default\">\n\t\t\t\t<div class=\"elementor-widget-container\">\n\t\t\t\t\t\t\t<div class=\"elementor-spacer\">\n\t\t\t<div class=\"elementor-spacer-inner\"><\/div>\n\t\t<\/div>\n\t\t\t\t\t\t<\/div>\n\t\t\t\t<\/div>\n\t\t\t\t<div class=\"elementor-element elementor-element-11022c82 elementor-widget elementor-widget-heading\" data-id=\"11022c82\" data-element_type=\"widget\" data-e-type=\"widget\" data-widget_type=\"heading.default\">\n\t\t\t\t<div class=\"elementor-widget-container\">\n\t\t\t\t\t<h1 class=\"elementor-heading-title elementor-size-default\">Villa Les\nRoches de Bacon<\/h1>\t\t\t\t<\/div>\n\t\t\t\t<\/div>\n\t\t\t\t<div class=\"elementor-element elementor-element-602aaea elementor-widget elementor-widget-html\" data-id=\"602aaea\" data-element_type=\"widget\" data-e-type=\"widget\" data-widget_type=\"html.default\">\n\t\t\t\t<div class=\"elementor-widget-container\">\n\t\t\t\t\t<a href=\"#\" class=\"bs-booking-button\" style=\"\n  display: inline-block;\n  background-color: #B69369;\n  color: white;\n  padding: 14px 32px;\n  font-size: 16px;\n  font-weight: 600;\n  border: none;\n  border-radius: 30px;\n  text-transform: uppercase;\n  text-decoration: none;\n  transition: transform 0.2s ease, box-shadow 0.2s ease;\n\">\n Demandez votre devis personnalis\u00e9\n<\/a>\n\t\t\t\t<\/div>\n\t\t\t\t<\/div>\n\t\t\t\t\t<\/div>\n\t\t\t\t<\/div>\n\t\t\t\t<\/div>\n\t\t<div class=\"elementor-element elementor-element-7bacf566 e-flex e-con-boxed e-con e-parent\" data-id=\"7bacf566\" data-element_type=\"container\" data-e-type=\"container\" data-settings=\"{&quot;background_background&quot;:&quot;classic&quot;}\">\n\t\t\t\t\t<div class=\"e-con-inner\">\n\t\t<div class=\"elementor-element elementor-element-4c1c904d e-con-full e-flex e-con e-child\" data-id=\"4c1c904d\" data-element_type=\"container\" data-e-type=\"container\" data-settings=\"{&quot;background_background&quot;:&quot;classic&quot;}\">\n\t\t\t\t<div class=\"elementor-element elementor-element-7b3343c3 elementor-widget elementor-widget-heading\" data-id=\"7b3343c3\" data-element_type=\"widget\" data-e-type=\"widget\" data-widget_type=\"heading.default\">\n\t\t\t\t<div class=\"elementor-widget-container\">\n\t\t\t\t\t<h3 class=\"elementor-heading-title elementor-size-default\">L'\u00e9l\u00e9gance en Grand Format<\/h3>\t\t\t\t<\/div>\n\t\t\t\t<\/div>\n\t\t\t\t<div class=\"elementor-element elementor-element-1a58da65 elementor-widget elementor-widget-text-editor\" data-id=\"1a58da65\" data-element_type=\"widget\" data-e-type=\"widget\" data-widget_type=\"text-editor.default\">\n\t\t\t\t<div class=\"elementor-widget-container\">\n\t\t\t\t\t\t\t\t\t<p>Voisine du restaurant, cette villa contemporaine de 450 m2 offre un cadre prestigieux avec vue mer, jardin m\u00e9diterran\u00e9en, piscine priv\u00e9e et grandes terrasses. Pens\u00e9e pour s\u2019adapter \u00e0 tous les formats, elle peut \u00eatre lou\u00e9e dans son int\u00e9gralit\u00e9 ou partiellement. Un lieu modulable et exclusif jusqu\u2019a 350 invit\u00e9s en cocktail, id\u00e9al pour des r\u00e9ceptions \u00e9l\u00e9gantes, des lancements ou des rendez-vous professionnels d\u2019exception.<\/p>\t\t\t\t\t\t\t\t<\/div>\n\t\t\t\t<\/div>\n\t\t\t\t<\/div>\n\t\t<div class=\"elementor-element elementor-element-6aceff82 e-con-full e-flex e-con e-child\" data-id=\"6aceff82\" data-element_type=\"container\" data-e-type=\"container\">\n\t\t\t\t<div class=\"elementor-element elementor-element-dd1fc3f elementor-widget elementor-widget-image\" data-id=\"dd1fc3f\" data-element_type=\"widget\" data-e-type=\"widget\" data-widget_type=\"image.default\">\n\t\t\t\t<div class=\"elementor-widget-container\">\n\t\t\t\t\t\t\t\t\t\t\t\t\t\t\t<img fetchpriority=\"high\" decoding=\"async\" width=\"1024\" height=\"684\" src=\"https:\/\/maisondebacon.fr\/wp-content\/uploads\/2025\/06\/25.-Upper-floor-suite-terrace-1024x684.jpg\" class=\"attachment-large size-large wp-image-109250\" alt=\"\" srcset=\"https:\/\/maisondebacon.fr\/wp-content\/uploads\/2025\/06\/25.-Upper-floor-suite-terrace-1024x684.jpg 1024w, https:\/\/maisondebacon.fr\/wp-content\/uploads\/2025\/06\/25.-Upper-floor-suite-terrace-300x200.jpg 300w, https:\/\/maisondebacon.fr\/wp-content\/uploads\/2025\/06\/25.-Upper-floor-suite-terrace-768x513.jpg 768w, https:\/\/maisondebacon.fr\/wp-content\/uploads\/2025\/06\/25.-Upper-floor-suite-terrace-1536x1025.jpg 1536w, https:\/\/maisondebacon.fr\/wp-content\/uploads\/2025\/06\/25.-Upper-floor-suite-terrace-18x12.jpg 18w, https:\/\/maisondebacon.fr\/wp-content\/uploads\/2025\/06\/25.-Upper-floor-suite-terrace-600x401.jpg 600w\" sizes=\"(max-width: 1024px) 100vw, 1024px\" \/>\t\t\t\t\t\t\t\t\t\t\t\t\t\t\t<\/div>\n\t\t\t\t<\/div>\n\t\t\t\t<\/div>\n\t\t\t\t\t<\/div>\n\t\t\t\t<\/div>\n\t\t<div class=\"elementor-element elementor-element-2c2015a e-flex e-con-boxed e-con e-parent\" data-id=\"2c2015a\" data-element_type=\"container\" data-e-type=\"container\" data-settings=\"{&quot;background_background&quot;:&quot;classic&quot;}\">\n\t\t\t\t\t<div class=\"e-con-inner\">\n\t\t<div class=\"elementor-element elementor-element-d27da10 e-con-full e-flex e-con e-child\" data-id=\"d27da10\" data-element_type=\"container\" data-e-type=\"container\">\n\t\t\t\t<div class=\"elementor-element elementor-element-d7d9d1a elementor-widget elementor-widget-image\" data-id=\"d7d9d1a\" data-element_type=\"widget\" data-e-type=\"widget\" data-widget_type=\"image.default\">\n\t\t\t\t<div class=\"elementor-widget-container\">\n\t\t\t\t\t\t\t\t\t\t\t\t\t\t\t<img decoding=\"async\" width=\"1024\" height=\"684\" src=\"https:\/\/maisondebacon.fr\/wp-content\/uploads\/2025\/06\/14.-Dinning-room-1024x684.jpg\" class=\"attachment-large size-large wp-image-109243\" alt=\"\" srcset=\"https:\/\/maisondebacon.fr\/wp-content\/uploads\/2025\/06\/14.-Dinning-room-1024x684.jpg 1024w, https:\/\/maisondebacon.fr\/wp-content\/uploads\/2025\/06\/14.-Dinning-room-300x200.jpg 300w, https:\/\/maisondebacon.fr\/wp-content\/uploads\/2025\/06\/14.-Dinning-room-768x513.jpg 768w, https:\/\/maisondebacon.fr\/wp-content\/uploads\/2025\/06\/14.-Dinning-room-1536x1025.jpg 1536w, https:\/\/maisondebacon.fr\/wp-content\/uploads\/2025\/06\/14.-Dinning-room-18x12.jpg 18w, https:\/\/maisondebacon.fr\/wp-content\/uploads\/2025\/06\/14.-Dinning-room-600x401.jpg 600w\" sizes=\"(max-width: 1024px) 100vw, 1024px\" \/>\t\t\t\t\t\t\t\t\t\t\t\t\t\t\t<\/div>\n\t\t\t\t<\/div>\n\t\t\t\t<\/div>\n\t\t<div class=\"elementor-element elementor-element-8a9cb2a e-con-full e-flex e-con e-child\" data-id=\"8a9cb2a\" data-element_type=\"container\" data-e-type=\"container\" data-settings=\"{&quot;background_background&quot;:&quot;classic&quot;}\">\n\t\t\t\t<div class=\"elementor-element elementor-element-88b1c7f elementor-widget elementor-widget-heading\" data-id=\"88b1c7f\" data-element_type=\"widget\" data-e-type=\"widget\" data-widget_type=\"heading.default\">\n\t\t\t\t<div class=\"elementor-widget-container\">\n\t\t\t\t\t<h3 class=\"elementor-heading-title elementor-size-default\">L\u2019art de recevoir autrement<\/h3>\t\t\t\t<\/div>\n\t\t\t\t<\/div>\n\t\t\t\t<div class=\"elementor-element elementor-element-da0ea9b elementor-widget elementor-widget-text-editor\" data-id=\"da0ea9b\" data-element_type=\"widget\" data-e-type=\"widget\" data-widget_type=\"text-editor.default\">\n\t\t\t\t<div class=\"elementor-widget-container\">\n\t\t\t\t\t\t\t\t\t<p>Alliant confort moderne et discr\u00e9tion absolue, la Villa Les Roches de Bacon se distingue par sa capacit\u00e9 \u00e0 se transformer selon vos besoins. Chaque espace \u2013 int\u00e9rieur comme ext\u00e9rieur \u2013 a \u00e9t\u00e9 con\u00e7u pour offrir fluidit\u00e9, raffinement et fonctionnalit\u00e9. Du cocktail au coucher du soleil sur la terrasse \u00e0 la conf\u00e9rence intimiste dans les salons baign\u00e9s de lumi\u00e8re, chaque \u00e9v\u00e9nement trouve ici son \u00e9crin naturel. Un service personnalis\u00e9 vient parfaire l\u2019exp\u00e9rience, pour faire de chaque instant un moment m\u00e9morable.<\/p>\t\t\t\t\t\t\t\t<\/div>\n\t\t\t\t<\/div>\n\t\t\t\t<\/div>\n\t\t\t\t\t<\/div>\n\t\t\t\t<\/div>\n\t\t<div class=\"elementor-element elementor-element-a1a0d07 e-grid e-con-boxed e-con e-parent\" data-id=\"a1a0d07\" data-element_type=\"container\" data-e-type=\"container\">\n\t\t\t\t\t<div class=\"e-con-inner\">\n\t\t\t\t<div class=\"elementor-element elementor-element-5ebf551 elementor-align-center elementor-widget elementor-widget-button\" data-id=\"5ebf551\" data-element_type=\"widget\" data-e-type=\"widget\" data-widget_type=\"button.default\">\n\t\t\t\t<div class=\"elementor-widget-container\">\n\t\t\t\t\t\t\t\t\t<div class=\"elementor-button-wrapper\">\n\t\t\t\t\t<a class=\"elementor-button elementor-button-link elementor-size-sm\" href=\"https:\/\/maisondebacon.fr\/lappartement-de-victor\/\">\n\t\t\t\t\t\t<span class=\"elementor-button-content-wrapper\">\n\t\t\t\t\t\t\t\t\t<span class=\"elementor-button-text\">APPARTEMENT VICTOR<\/span>\n\t\t\t\t\t<\/span>\n\t\t\t\t\t<\/a>\n\t\t\t\t<\/div>\n\t\t\t\t\t\t\t\t<\/div>\n\t\t\t\t<\/div>\n\t\t\t\t<div class=\"elementor-element elementor-element-11b9ebd elementor-align-center elementor-widget elementor-widget-button\" data-id=\"11b9ebd\" data-element_type=\"widget\" data-e-type=\"widget\" data-widget_type=\"button.default\">\n\t\t\t\t<div class=\"elementor-widget-container\">\n\t\t\t\t\t\t\t\t\t<div class=\"elementor-button-wrapper\">\n\t\t\t\t\t<a class=\"elementor-button elementor-button-link elementor-size-sm\" href=\"https:\/\/maisondebacon.fr\/le-rooftop-club-bacon\/\">\n\t\t\t\t\t\t<span class=\"elementor-button-content-wrapper\">\n\t\t\t\t\t\t\t\t\t<span class=\"elementor-button-text\">LE ROOF TOP<\/span>\n\t\t\t\t\t<\/span>\n\t\t\t\t\t<\/a>\n\t\t\t\t<\/div>\n\t\t\t\t\t\t\t\t<\/div>\n\t\t\t\t<\/div>\n\t\t\t\t<div class=\"elementor-element elementor-element-00f3149 elementor-align-center elementor-widget elementor-widget-button\" data-id=\"00f3149\" data-element_type=\"widget\" data-e-type=\"widget\" data-widget_type=\"button.default\">\n\t\t\t\t<div class=\"elementor-widget-container\">\n\t\t\t\t\t\t\t\t\t<div class=\"elementor-button-wrapper\">\n\t\t\t\t\t<a class=\"elementor-button elementor-button-link elementor-size-sm\" href=\"https:\/\/maisondebacon.fr\/restaurant\/\">\n\t\t\t\t\t\t<span class=\"elementor-button-content-wrapper\">\n\t\t\t\t\t\t\t\t\t<span class=\"elementor-button-text\">RESTAURANT<\/span>\n\t\t\t\t\t<\/span>\n\t\t\t\t\t<\/a>\n\t\t\t\t<\/div>\n\t\t\t\t\t\t\t\t<\/div>\n\t\t\t\t<\/div>\n\t\t\t\t\t<\/div>\n\t\t\t\t<\/div>\n\t\t<div class=\"elementor-element elementor-element-5b74ef6 e-flex e-con-boxed e-con e-parent\" data-id=\"5b74ef6\" data-element_type=\"container\" data-e-type=\"container\">\n\t\t\t\t\t<div class=\"e-con-inner\">\n\t\t\t\t<div class=\"elementor-element elementor-element-81a0a04 elementor-widget elementor-widget-html\" data-id=\"81a0a04\" data-element_type=\"widget\" data-e-type=\"widget\" data-widget_type=\"html.default\">\n\t\t\t\t<div class=\"elementor-widget-container\">\n\t\t\t\t\t<a href=\"#\" class=\"bs-booking-button\" style=\"\n  display: inline-block;\n  background-color: #B69369;\n  color: white;\n  padding: 14px 32px;\n  font-size: 16px;\n  font-weight: 600;\n  border: none;\n  border-radius: 30px;\n  text-transform: uppercase;\n  text-decoration: none;\n  transition: transform 0.2s ease, box-shadow 0.2s ease;\n\">\n Demandez votre devis personnalis\u00e9\n<\/a>\n\t\t\t\t<\/div>\n\t\t\t\t<\/div>\n\t\t\t\t\t<\/div>\n\t\t\t\t<\/div>\n\t\t\t\t<\/div>\n\t\t","protected":false},"excerpt":{"rendered":"<p>Villa Les Roches de Bacon Demandez votre devis personnalis\u00e9 L&rsquo;\u00e9l\u00e9gance en Grand Format Voisine du restaurant, cette villa contemporaine de 450 m2 offre un cadre prestigieux avec vue mer, jardin m\u00e9diterran\u00e9en, piscine priv\u00e9e et grandes terrasses. Pens\u00e9e pour s\u2019adapter \u00e0 [&hellip;]<\/p>\n","protected":false},"author":1,"featured_media":0,"parent":0,"menu_order":0,"comment_status":"closed","ping_status":"closed","template":"elementor_header_footer","meta":{"footnotes":""},"categories":[204],"tags":[],"class_list":["post-108852","page","type-page","status-publish","hentry","category-event"],"yoast_head":"<!-- This site is optimized with the Yoast SEO plugin v27.4 - https:\/\/yoast.com\/product\/yoast-seo-wordpress\/ -->\n<title>Villa Les Roches de Bacon - La Maison de Bacon<\/title>\n<meta name=\"robots\" content=\"index, follow, max-snippet:-1, max-image-preview:large, max-video-preview:-1\" \/>\n<link rel=\"canonical\" href=\"https:\/\/maisondebacon.fr\/en\/villa-les-roches-de-bacon\/\" \/>\n<meta property=\"og:locale\" content=\"en_US\" \/>\n<meta property=\"og:type\" content=\"article\" \/>\n<meta property=\"og:title\" content=\"Villa Les Roches de Bacon - La Maison de Bacon\" \/>\n<meta property=\"og:description\" content=\"Villa Les Roches de Bacon Demandez votre devis personnalis\u00e9 L&rsquo;\u00e9l\u00e9gance en Grand Format Voisine du restaurant, cette villa contemporaine de 450 m2 offre un cadre prestigieux avec vue mer, jardin m\u00e9diterran\u00e9en, piscine priv\u00e9e et grandes terrasses. Pens\u00e9e pour s\u2019adapter \u00e0 [&hellip;]\" \/>\n<meta property=\"og:url\" content=\"https:\/\/maisondebacon.fr\/en\/villa-les-roches-de-bacon\/\" \/>\n<meta property=\"og:site_name\" content=\"La Maison de Bacon\" \/>\n<meta property=\"article:modified_time\" content=\"2025-07-17T16:37:53+00:00\" \/>\n<meta property=\"og:image\" content=\"https:\/\/maisondebacon.fr\/wp-content\/uploads\/2025\/06\/25.-Upper-floor-suite-terrace-scaled.jpg\" \/>\n\t<meta property=\"og:image:width\" content=\"2560\" \/>\n\t<meta property=\"og:image:height\" content=\"1709\" \/>\n\t<meta property=\"og:image:type\" content=\"image\/jpeg\" \/>\n<meta name=\"twitter:card\" content=\"summary_large_image\" \/>\n<meta name=\"twitter:label1\" content=\"Est. reading time\" \/>\n\t<meta name=\"twitter:data1\" content=\"2 minutes\" \/>\n<script type=\"application\/ld+json\" class=\"yoast-schema-graph\">{\"@context\":\"https:\\\/\\\/schema.org\",\"@graph\":[{\"@type\":\"WebPage\",\"@id\":\"https:\\\/\\\/maisondebacon.fr\\\/villa-les-roches-de-bacon\\\/\",\"url\":\"https:\\\/\\\/maisondebacon.fr\\\/villa-les-roches-de-bacon\\\/\",\"name\":\"Villa Les Roches de Bacon - La Maison de Bacon\",\"isPartOf\":{\"@id\":\"https:\\\/\\\/maisondebacon.fr\\\/#website\"},\"primaryImageOfPage\":{\"@id\":\"https:\\\/\\\/maisondebacon.fr\\\/villa-les-roches-de-bacon\\\/#primaryimage\"},\"image\":{\"@id\":\"https:\\\/\\\/maisondebacon.fr\\\/villa-les-roches-de-bacon\\\/#primaryimage\"},\"thumbnailUrl\":\"https:\\\/\\\/maisondebacon.fr\\\/wp-content\\\/uploads\\\/2025\\\/06\\\/25.-Upper-floor-suite-terrace-1024x684.jpg\",\"datePublished\":\"2025-05-11T15:39:44+00:00\",\"dateModified\":\"2025-07-17T16:37:53+00:00\",\"breadcrumb\":{\"@id\":\"https:\\\/\\\/maisondebacon.fr\\\/villa-les-roches-de-bacon\\\/#breadcrumb\"},\"inLanguage\":\"en-US\",\"potentialAction\":[{\"@type\":\"ReadAction\",\"target\":[\"https:\\\/\\\/maisondebacon.fr\\\/villa-les-roches-de-bacon\\\/\"]}]},{\"@type\":\"ImageObject\",\"inLanguage\":\"en-US\",\"@id\":\"https:\\\/\\\/maisondebacon.fr\\\/villa-les-roches-de-bacon\\\/#primaryimage\",\"url\":\"https:\\\/\\\/maisondebacon.fr\\\/wp-content\\\/uploads\\\/2025\\\/06\\\/25.-Upper-floor-suite-terrace-1024x684.jpg\",\"contentUrl\":\"https:\\\/\\\/maisondebacon.fr\\\/wp-content\\\/uploads\\\/2025\\\/06\\\/25.-Upper-floor-suite-terrace-1024x684.jpg\"},{\"@type\":\"BreadcrumbList\",\"@id\":\"https:\\\/\\\/maisondebacon.fr\\\/villa-les-roches-de-bacon\\\/#breadcrumb\",\"itemListElement\":[{\"@type\":\"ListItem\",\"position\":1,\"name\":\"Accueil\",\"item\":\"https:\\\/\\\/maisondebacon.fr\\\/\"},{\"@type\":\"ListItem\",\"position\":2,\"name\":\"Villa Les Roches de Bacon\"}]},{\"@type\":\"WebSite\",\"@id\":\"https:\\\/\\\/maisondebacon.fr\\\/#website\",\"url\":\"https:\\\/\\\/maisondebacon.fr\\\/\",\"name\":\"La Maison de Bacon\",\"description\":\"Rendre votre exp\u00e9rience unique\",\"potentialAction\":[{\"@type\":\"SearchAction\",\"target\":{\"@type\":\"EntryPoint\",\"urlTemplate\":\"https:\\\/\\\/maisondebacon.fr\\\/?s={search_term_string}\"},\"query-input\":{\"@type\":\"PropertyValueSpecification\",\"valueRequired\":true,\"valueName\":\"search_term_string\"}}],\"inLanguage\":\"en-US\"}]}<\/script>\n<!-- \/ Yoast SEO plugin. -->","yoast_head_json":{"title":"Villa Les Roches de Bacon - La Maison de Bacon","robots":{"index":"index","follow":"follow","max-snippet":"max-snippet:-1","max-image-preview":"max-image-preview:large","max-video-preview":"max-video-preview:-1"},"canonical":"https:\/\/maisondebacon.fr\/en\/villa-les-roches-de-bacon\/","og_locale":"en_US","og_type":"article","og_title":"Villa Les Roches de Bacon - La Maison de Bacon","og_description":"Villa Les Roches de Bacon Demandez votre devis personnalis\u00e9 L&rsquo;\u00e9l\u00e9gance en Grand Format Voisine du restaurant, cette villa contemporaine de 450 m2 offre un cadre prestigieux avec vue mer, jardin m\u00e9diterran\u00e9en, piscine priv\u00e9e et grandes terrasses. Pens\u00e9e pour s\u2019adapter \u00e0 [&hellip;]","og_url":"https:\/\/maisondebacon.fr\/en\/villa-les-roches-de-bacon\/","og_site_name":"La Maison de Bacon","article_modified_time":"2025-07-17T16:37:53+00:00","og_image":[{"width":2560,"height":1709,"url":"https:\/\/maisondebacon.fr\/wp-content\/uploads\/2025\/06\/25.-Upper-floor-suite-terrace-scaled.jpg","type":"image\/jpeg"}],"twitter_card":"summary_large_image","twitter_misc":{"Est. reading time":"2 minutes"},"schema":{"@context":"https:\/\/schema.org","@graph":[{"@type":"WebPage","@id":"https:\/\/maisondebacon.fr\/villa-les-roches-de-bacon\/","url":"https:\/\/maisondebacon.fr\/villa-les-roches-de-bacon\/","name":"Villa Les Roches de Bacon - La Maison de Bacon","isPartOf":{"@id":"https:\/\/maisondebacon.fr\/#website"},"primaryImageOfPage":{"@id":"https:\/\/maisondebacon.fr\/villa-les-roches-de-bacon\/#primaryimage"},"image":{"@id":"https:\/\/maisondebacon.fr\/villa-les-roches-de-bacon\/#primaryimage"},"thumbnailUrl":"https:\/\/maisondebacon.fr\/wp-content\/uploads\/2025\/06\/25.-Upper-floor-suite-terrace-1024x684.jpg","datePublished":"2025-05-11T15:39:44+00:00","dateModified":"2025-07-17T16:37:53+00:00","breadcrumb":{"@id":"https:\/\/maisondebacon.fr\/villa-les-roches-de-bacon\/#breadcrumb"},"inLanguage":"en-US","potentialAction":[{"@type":"ReadAction","target":["https:\/\/maisondebacon.fr\/villa-les-roches-de-bacon\/"]}]},{"@type":"ImageObject","inLanguage":"en-US","@id":"https:\/\/maisondebacon.fr\/villa-les-roches-de-bacon\/#primaryimage","url":"https:\/\/maisondebacon.fr\/wp-content\/uploads\/2025\/06\/25.-Upper-floor-suite-terrace-1024x684.jpg","contentUrl":"https:\/\/maisondebacon.fr\/wp-content\/uploads\/2025\/06\/25.-Upper-floor-suite-terrace-1024x684.jpg"},{"@type":"BreadcrumbList","@id":"https:\/\/maisondebacon.fr\/villa-les-roches-de-bacon\/#breadcrumb","itemListElement":[{"@type":"ListItem","position":1,"name":"Accueil","item":"https:\/\/maisondebacon.fr\/"},{"@type":"ListItem","position":2,"name":"Villa Les Roches de Bacon"}]},{"@type":"WebSite","@id":"https:\/\/maisondebacon.fr\/#website","url":"https:\/\/maisondebacon.fr\/","name":"Bacon&#039;s House","description":"Rendre votre exp\u00e9rience unique","potentialAction":[{"@type":"SearchAction","target":{"@type":"EntryPoint","urlTemplate":"https:\/\/maisondebacon.fr\/?s={search_term_string}"},"query-input":{"@type":"PropertyValueSpecification","valueRequired":true,"valueName":"search_term_string"}}],"inLanguage":"en-US"}]}},"_links":{"self":[{"href":"https:\/\/maisondebacon.fr\/en\/wp-json\/wp\/v2\/pages\/108852","targetHints":{"allow":["GET"]}}],"collection":[{"href":"https:\/\/maisondebacon.fr\/en\/wp-json\/wp\/v2\/pages"}],"about":[{"href":"https:\/\/maisondebacon.fr\/en\/wp-json\/wp\/v2\/types\/page"}],"author":[{"embeddable":true,"href":"https:\/\/maisondebacon.fr\/en\/wp-json\/wp\/v2\/users\/1"}],"replies":[{"embeddable":true,"href":"https:\/\/maisondebacon.fr\/en\/wp-json\/wp\/v2\/comments?post=108852"}],"version-history":[{"count":5,"href":"https:\/\/maisondebacon.fr\/en\/wp-json\/wp\/v2\/pages\/108852\/revisions"}],"predecessor-version":[{"id":109536,"href":"https:\/\/maisondebacon.fr\/en\/wp-json\/wp\/v2\/pages\/108852\/revisions\/109536"}],"wp:attachment":[{"href":"https:\/\/maisondebacon.fr\/en\/wp-json\/wp\/v2\/media?parent=108852"}],"wp:term":[{"taxonomy":"category","embeddable":true,"href":"https:\/\/maisondebacon.fr\/en\/wp-json\/wp\/v2\/categories?post=108852"},{"taxonomy":"post_tag","embeddable":true,"href":"https:\/\/maisondebacon.fr\/en\/wp-json\/wp\/v2\/tags?post=108852"}],"curies":[{"name":"wp","href":"https:\/\/api.w.org\/{rel}","templated":true}]}}