{"id":109013,"date":"2025-05-28T19:27:56","date_gmt":"2025-05-28T17:27:56","guid":{"rendered":"https:\/\/maisondebacon.fr\/?post_type=tribe_events&#038;p=109013"},"modified":"2025-05-28T19:28:35","modified_gmt":"2025-05-28T17:28:35","slug":"fetez-les-papas-avec-elegance-a-la-maison-de-bacon","status":"publish","type":"tribe_events","link":"https:\/\/maisondebacon.fr\/en\/event\/fetez-les-papas-avec-elegance-a-la-maison-de-bacon\/","title":{"rendered":"f\u00eatez les papas avec \u00e9l\u00e9gance \u00e0 La Maison de Bacon"},"content":{"rendered":"<p data-start=\"133\" data-end=\"206\">\ud83c\udfa9 <strong data-start=\"136\" data-end=\"203\">Ce dimanche 15 Juin 2025, f\u00eatez les papas avec \u00e9l\u00e9gance \u00e0 La Maison de Bacon<\/strong> \ud83c\udf89<\/p>\n<p data-start=\"208\" data-end=\"432\">Pour la F\u00eate des P\u00e8res, offrez-lui un moment d\u2019exception face \u00e0 la mer, dans le cadre unique et raffin\u00e9 de La Maison de Bacon. \u00c0 cette occasion, notre \u00e9quipe a imagin\u00e9 une exp\u00e9rience gourmande aussi originale qu\u2019inoubliable.<\/p>\n<p data-start=\"434\" data-end=\"634\">\u2728 <strong data-start=\"436\" data-end=\"494\">Laissez-vous surprendre par notre cr\u00e9ation exclusive :<\/strong><br data-start=\"494\" data-end=\"497\" \/><strong data-start=\"497\" data-end=\"515\">Havana Douceur<\/strong>, un dessert audacieux en forme de cigare, \u00e0 la fois intense et d\u00e9licat \u2014 un clin d\u2019\u0153il raffin\u00e9 \u00e0 l\u2019\u00e9l\u00e9gance masculine.<\/p>\n<p data-start=\"636\" data-end=\"967\">\ud83c\udf78 <strong data-start=\"639\" data-end=\"690\">Et pour accompagner ce moment unique, d\u00e9couvrez<\/strong><br data-start=\"690\" data-end=\"693\" \/><strong data-start=\"693\" data-end=\"710\">L&rsquo;\u00cele Sauvage<\/strong>, le cocktail signature imagin\u00e9 par notre talentueuse chef barman Julie :<br data-start=\"783\" data-end=\"786\" \/>Un savant m\u00e9lange de <strong data-start=\"807\" data-end=\"820\">Zacapa 23<\/strong>, <strong data-start=\"822\" data-end=\"837\">citron vert<\/strong>, <strong data-start=\"839\" data-end=\"849\">ananas<\/strong>, <strong data-start=\"851\" data-end=\"869\">sirop de canne<\/strong>, <strong data-start=\"871\" data-end=\"889\">eau p\u00e9tillante<\/strong> et <strong data-start=\"893\" data-end=\"913\">\u00e9mulsion de coco<\/strong> \u2014 une invitation \u00e0 l\u2019\u00e9vasion, entre force et douceur.<\/p>\n<p data-start=\"969\" data-end=\"1114\">\ud83d\udcc6 <strong data-start=\"972\" data-end=\"992\">Dimanche 15 juin<\/strong> \u2013 r\u00e9servez d\u00e8s maintenant pour offrir \u00e0 votre p\u00e8re une f\u00eate \u00e0 son image : inoubliable, chaleureuse\u2026 et pleine de saveurs.<\/p>\n<p data-start=\"1116\" data-end=\"1157\">\ud83d\udccd <strong data-start=\"1119\" data-end=\"1157\">La Maison de Bacon \u2013 Cap d\u2019Antibes<\/strong><\/p>","protected":false},"excerpt":{"rendered":"<p>\ud83c\udfa9 Ce dimanche 15 Juin 2025, f\u00eatez les papas avec \u00e9l\u00e9gance \u00e0 La Maison de Bacon \ud83c\udf89 Pour la F\u00eate des P\u00e8res, offrez-lui un moment d\u2019exception face \u00e0 la mer, dans le cadre unique et raffin\u00e9 de La Maison de [&hellip;]<\/p>\n","protected":false},"author":7,"featured_media":0,"template":"","meta":{"_tribe_events_status":"","_tribe_events_status_reason":"","footnotes":""},"tags":[],"tribe_events_cat":[],"class_list":["post-109013","tribe_events","type-tribe_events","status-publish","hentry"],"yoast_head":"<!-- This site is optimized with the Yoast SEO plugin v27.5 - https:\/\/yoast.com\/product\/yoast-seo-wordpress\/ -->\n<title>f\u00eatez les papas avec \u00e9l\u00e9gance \u00e0 La Maison de Bacon - La Maison de Bacon<\/title>\n<meta name=\"robots\" content=\"index, follow, max-snippet:-1, max-image-preview:large, max-video-preview:-1\" \/>\n<link rel=\"canonical\" href=\"https:\/\/maisondebacon.fr\/en\/event\/fetez-les-papas-avec-elegance-a-la-maison-de-bacon\/\" \/>\n<meta property=\"og:locale\" content=\"en_US\" \/>\n<meta property=\"og:type\" content=\"article\" \/>\n<meta property=\"og:title\" content=\"f\u00eatez les papas avec \u00e9l\u00e9gance \u00e0 La Maison de Bacon - La Maison de Bacon\" \/>\n<meta property=\"og:description\" content=\"\ud83c\udfa9 Ce dimanche 15 Juin 2025, f\u00eatez les papas avec \u00e9l\u00e9gance \u00e0 La Maison de Bacon \ud83c\udf89 Pour la F\u00eate des P\u00e8res, offrez-lui un moment d\u2019exception face \u00e0 la mer, dans le cadre unique et raffin\u00e9 de La Maison de [&hellip;]\" \/>\n<meta property=\"og:url\" content=\"https:\/\/maisondebacon.fr\/en\/event\/fetez-les-papas-avec-elegance-a-la-maison-de-bacon\/\" \/>\n<meta property=\"og:site_name\" content=\"La Maison de Bacon\" \/>\n<meta property=\"article:modified_time\" content=\"2025-05-28T17:28:35+00:00\" \/>\n<meta name=\"twitter:card\" content=\"summary_large_image\" \/>\n<meta name=\"twitter:label1\" content=\"Est. reading time\" \/>\n\t<meta name=\"twitter:data1\" content=\"1 minute\" \/>\n<script type=\"application\/ld+json\" class=\"yoast-schema-graph\">{\"@context\":\"https:\\\/\\\/schema.org\",\"@graph\":[{\"@type\":\"WebPage\",\"@id\":\"https:\\\/\\\/maisondebacon.fr\\\/event\\\/fetez-les-papas-avec-elegance-a-la-maison-de-bacon\\\/\",\"url\":\"https:\\\/\\\/maisondebacon.fr\\\/event\\\/fetez-les-papas-avec-elegance-a-la-maison-de-bacon\\\/\",\"name\":\"f\u00eatez les papas avec \u00e9l\u00e9gance \u00e0 La Maison de Bacon - La Maison de Bacon\",\"isPartOf\":{\"@id\":\"https:\\\/\\\/maisondebacon.fr\\\/#website\"},\"datePublished\":\"2025-05-28T17:27:56+00:00\",\"dateModified\":\"2025-05-28T17:28:35+00:00\",\"breadcrumb\":{\"@id\":\"https:\\\/\\\/maisondebacon.fr\\\/event\\\/fetez-les-papas-avec-elegance-a-la-maison-de-bacon\\\/#breadcrumb\"},\"inLanguage\":\"en-US\",\"potentialAction\":[{\"@type\":\"ReadAction\",\"target\":[\"https:\\\/\\\/maisondebacon.fr\\\/event\\\/fetez-les-papas-avec-elegance-a-la-maison-de-bacon\\\/\"]}]},{\"@type\":\"BreadcrumbList\",\"@id\":\"https:\\\/\\\/maisondebacon.fr\\\/event\\\/fetez-les-papas-avec-elegance-a-la-maison-de-bacon\\\/#breadcrumb\",\"itemListElement\":[{\"@type\":\"ListItem\",\"position\":1,\"name\":\"Accueil\",\"item\":\"https:\\\/\\\/maisondebacon.fr\\\/\"},{\"@type\":\"ListItem\",\"position\":2,\"name\":\"\u00c9v\u00e8nements\",\"item\":\"https:\\\/\\\/maisondebacon.fr\\\/events\\\/\"},{\"@type\":\"ListItem\",\"position\":3,\"name\":\"f\u00eatez les papas avec \u00e9l\u00e9gance \u00e0 La Maison de Bacon\"}]},{\"@type\":\"WebSite\",\"@id\":\"https:\\\/\\\/maisondebacon.fr\\\/#website\",\"url\":\"https:\\\/\\\/maisondebacon.fr\\\/\",\"name\":\"La Maison de Bacon\",\"description\":\"Rendre votre exp\u00e9rience unique\",\"potentialAction\":[{\"@type\":\"SearchAction\",\"target\":{\"@type\":\"EntryPoint\",\"urlTemplate\":\"https:\\\/\\\/maisondebacon.fr\\\/?s={search_term_string}\"},\"query-input\":{\"@type\":\"PropertyValueSpecification\",\"valueRequired\":true,\"valueName\":\"search_term_string\"}}],\"inLanguage\":\"en-US\"}]}<\/script>\n<!-- \/ Yoast SEO plugin. -->","yoast_head_json":{"title":"f\u00eatez les papas avec \u00e9l\u00e9gance \u00e0 La Maison de Bacon - La Maison de Bacon","robots":{"index":"index","follow":"follow","max-snippet":"max-snippet:-1","max-image-preview":"max-image-preview:large","max-video-preview":"max-video-preview:-1"},"canonical":"https:\/\/maisondebacon.fr\/en\/event\/fetez-les-papas-avec-elegance-a-la-maison-de-bacon\/","og_locale":"en_US","og_type":"article","og_title":"f\u00eatez les papas avec \u00e9l\u00e9gance \u00e0 La Maison de Bacon - La Maison de Bacon","og_description":"\ud83c\udfa9 Ce dimanche 15 Juin 2025, f\u00eatez les papas avec \u00e9l\u00e9gance \u00e0 La Maison de Bacon \ud83c\udf89 Pour la F\u00eate des P\u00e8res, offrez-lui un moment d\u2019exception face \u00e0 la mer, dans le cadre unique et raffin\u00e9 de La Maison de [&hellip;]","og_url":"https:\/\/maisondebacon.fr\/en\/event\/fetez-les-papas-avec-elegance-a-la-maison-de-bacon\/","og_site_name":"La Maison de Bacon","article_modified_time":"2025-05-28T17:28:35+00:00","twitter_card":"summary_large_image","twitter_misc":{"Est. reading time":"1 minute"},"schema":{"@context":"https:\/\/schema.org","@graph":[{"@type":"WebPage","@id":"https:\/\/maisondebacon.fr\/event\/fetez-les-papas-avec-elegance-a-la-maison-de-bacon\/","url":"https:\/\/maisondebacon.fr\/event\/fetez-les-papas-avec-elegance-a-la-maison-de-bacon\/","name":"f\u00eatez les papas avec \u00e9l\u00e9gance \u00e0 La Maison de Bacon - La Maison de Bacon","isPartOf":{"@id":"https:\/\/maisondebacon.fr\/#website"},"datePublished":"2025-05-28T17:27:56+00:00","dateModified":"2025-05-28T17:28:35+00:00","breadcrumb":{"@id":"https:\/\/maisondebacon.fr\/event\/fetez-les-papas-avec-elegance-a-la-maison-de-bacon\/#breadcrumb"},"inLanguage":"en-US","potentialAction":[{"@type":"ReadAction","target":["https:\/\/maisondebacon.fr\/event\/fetez-les-papas-avec-elegance-a-la-maison-de-bacon\/"]}]},{"@type":"BreadcrumbList","@id":"https:\/\/maisondebacon.fr\/event\/fetez-les-papas-avec-elegance-a-la-maison-de-bacon\/#breadcrumb","itemListElement":[{"@type":"ListItem","position":1,"name":"Accueil","item":"https:\/\/maisondebacon.fr\/"},{"@type":"ListItem","position":2,"name":"\u00c9v\u00e8nements","item":"https:\/\/maisondebacon.fr\/events\/"},{"@type":"ListItem","position":3,"name":"f\u00eatez les papas avec \u00e9l\u00e9gance \u00e0 La Maison de Bacon"}]},{"@type":"WebSite","@id":"https:\/\/maisondebacon.fr\/#website","url":"https:\/\/maisondebacon.fr\/","name":"Bacon&#039;s House","description":"Rendre votre exp\u00e9rience unique","potentialAction":[{"@type":"SearchAction","target":{"@type":"EntryPoint","urlTemplate":"https:\/\/maisondebacon.fr\/?s={search_term_string}"},"query-input":{"@type":"PropertyValueSpecification","valueRequired":true,"valueName":"search_term_string"}}],"inLanguage":"en-US"}]}},"_links":{"self":[{"href":"https:\/\/maisondebacon.fr\/en\/wp-json\/wp\/v2\/tribe_events\/109013","targetHints":{"allow":["GET"]}}],"collection":[{"href":"https:\/\/maisondebacon.fr\/en\/wp-json\/wp\/v2\/tribe_events"}],"about":[{"href":"https:\/\/maisondebacon.fr\/en\/wp-json\/wp\/v2\/types\/tribe_events"}],"author":[{"embeddable":true,"href":"https:\/\/maisondebacon.fr\/en\/wp-json\/wp\/v2\/users\/7"}],"version-history":[{"count":1,"href":"https:\/\/maisondebacon.fr\/en\/wp-json\/wp\/v2\/tribe_events\/109013\/revisions"}],"predecessor-version":[{"id":109020,"href":"https:\/\/maisondebacon.fr\/en\/wp-json\/wp\/v2\/tribe_events\/109013\/revisions\/109020"}],"wp:attachment":[{"href":"https:\/\/maisondebacon.fr\/en\/wp-json\/wp\/v2\/media?parent=109013"}],"wp:term":[{"taxonomy":"post_tag","embeddable":true,"href":"https:\/\/maisondebacon.fr\/en\/wp-json\/wp\/v2\/tags?post=109013"},{"taxonomy":"tribe_events_cat","embeddable":true,"href":"https:\/\/maisondebacon.fr\/en\/wp-json\/wp\/v2\/tribe_events_cat?post=109013"}],"curies":[{"name":"wp","href":"https:\/\/api.w.org\/{rel}","templated":true}]}}