{"id":109067,"date":"2025-06-02T21:19:03","date_gmt":"2025-06-02T19:19:03","guid":{"rendered":"https:\/\/maisondebacon.fr\/?post_type=tribe_events&#038;p=109067"},"modified":"2025-06-02T21:19:03","modified_gmt":"2025-06-02T19:19:03","slug":"les-voiles-dantibes-du-4-au-8-juin-2025","status":"publish","type":"tribe_events","link":"https:\/\/maisondebacon.fr\/en\/event\/les-voiles-dantibes-du-4-au-8-juin-2025\/","title":{"rendered":"LES VOILES D&rsquo;ANTIBES DU 4 AU 8 JUIN 2025"},"content":{"rendered":"<p data-start=\"169\" data-end=\"353\">\ud83c\udf89 <strong data-start=\"172\" data-end=\"249\">Les Voiles d\u2019Antibes 2025 \u2013 Une semaine de tradition et d\u2019\u00e9l\u00e9gance en mer<\/strong> \u26f5<br data-start=\"251\" data-end=\"254\" \/>\ud83d\udcc5 <strong data-start=\"257\" data-end=\"298\">Du mercredi 4 au dimanche 8 juin 2025<\/strong><br data-start=\"298\" data-end=\"301\" \/>\ud83d\udccd <strong data-start=\"304\" data-end=\"353\">En face de la Maison de Bacon \u2013 Cap d\u2019Antibes<\/strong><\/p>\n<p data-start=\"355\" data-end=\"689\">Les Voiles d\u2019Antibes reviennent du <strong data-start=\"390\" data-end=\"410\">4 au 8 juin 2025<\/strong>, pour c\u00e9l\u00e9brer l\u2019une des plus prestigieuses r\u00e9gates de voiliers classiques et d\u2019exception de la M\u00e9diterran\u00e9e. Durant cinq jours, les plus beaux yachts d\u2019\u00e9poque et classiques s\u2019affronteront au large du Cap d\u2019Antibes, dans un cadre idyllique entre mer azur et patrimoine maritime.<\/p>\n<p data-start=\"691\" data-end=\"909\"><strong data-start=\"691\" data-end=\"774\">Lieu privil\u00e9gi\u00e9 pour admirer les voiliers : juste en face de la Maison de Bacon<\/strong>, c\u00e9l\u00e8bre restaurant surplombant la mer. Ce point de vue exceptionnel offre un panorama unique sur les r\u00e9gates et les man\u0153uvres en mer.<\/p>\n<p data-start=\"1474\" data-end=\"1582\">Un \u00e9v\u00e9nement \u00e0 vivre en mer comme \u00e0 terre, pour tous les amoureux de la mer, de l\u2019histoire et du spectacle !<\/p>\n<p data-start=\"1474\" data-end=\"1582\">\n<p data-start=\"1474\" data-end=\"1582\">Pensez \u00e0 r\u00e9server votre table \u00e0 la Maison de Bacon<\/p>","protected":false},"excerpt":{"rendered":"<p>\ud83c\udf89 Les Voiles d\u2019Antibes 2025 \u2013 Une semaine de tradition et d\u2019\u00e9l\u00e9gance en mer \u26f5\ud83d\udcc5 Du mercredi 4 au dimanche 8 juin 2025\ud83d\udccd En face de la Maison de Bacon \u2013 Cap d\u2019Antibes Les Voiles d\u2019Antibes reviennent du 4 au [&hellip;]<\/p>\n","protected":false},"author":7,"featured_media":109068,"template":"","meta":{"_tribe_events_status":"","_tribe_events_status_reason":"","footnotes":""},"tags":[],"tribe_events_cat":[],"class_list":["post-109067","tribe_events","type-tribe_events","status-publish","has-post-thumbnail","hentry"],"yoast_head":"<!-- This site is optimized with the Yoast SEO plugin v27.5 - https:\/\/yoast.com\/product\/yoast-seo-wordpress\/ -->\n<title>LES VOILES D&#039;ANTIBES DU 4 AU 8 JUIN 2025 - La Maison de Bacon<\/title>\n<meta name=\"robots\" content=\"index, follow, max-snippet:-1, max-image-preview:large, max-video-preview:-1\" \/>\n<link rel=\"canonical\" href=\"https:\/\/maisondebacon.fr\/en\/event\/les-voiles-dantibes-du-4-au-8-juin-2025\/\" \/>\n<meta property=\"og:locale\" content=\"en_US\" \/>\n<meta property=\"og:type\" content=\"article\" \/>\n<meta property=\"og:title\" content=\"LES VOILES D&#039;ANTIBES DU 4 AU 8 JUIN 2025 - La Maison de Bacon\" \/>\n<meta property=\"og:description\" content=\"\ud83c\udf89 Les Voiles d\u2019Antibes 2025 \u2013 Une semaine de tradition et d\u2019\u00e9l\u00e9gance en mer \u26f5\ud83d\udcc5 Du mercredi 4 au dimanche 8 juin 2025\ud83d\udccd En face de la Maison de Bacon \u2013 Cap d\u2019Antibes Les Voiles d\u2019Antibes reviennent du 4 au [&hellip;]\" \/>\n<meta property=\"og:url\" content=\"https:\/\/maisondebacon.fr\/en\/event\/les-voiles-dantibes-du-4-au-8-juin-2025\/\" \/>\n<meta property=\"og:site_name\" content=\"La Maison de Bacon\" \/>\n<meta property=\"og:image\" content=\"https:\/\/maisondebacon.fr\/wp-content\/uploads\/2025\/06\/VOILES-ANTIBES-2025.jpeg\" \/>\n\t<meta property=\"og:image:width\" content=\"474\" \/>\n\t<meta property=\"og:image:height\" content=\"670\" \/>\n\t<meta property=\"og:image:type\" content=\"image\/jpeg\" \/>\n<meta name=\"twitter:card\" content=\"summary_large_image\" \/>\n<meta name=\"twitter:label1\" content=\"Est. reading time\" \/>\n\t<meta name=\"twitter:data1\" content=\"1 minute\" \/>\n<script type=\"application\/ld+json\" class=\"yoast-schema-graph\">{\"@context\":\"https:\\\/\\\/schema.org\",\"@graph\":[{\"@type\":\"WebPage\",\"@id\":\"https:\\\/\\\/maisondebacon.fr\\\/event\\\/les-voiles-dantibes-du-4-au-8-juin-2025\\\/\",\"url\":\"https:\\\/\\\/maisondebacon.fr\\\/event\\\/les-voiles-dantibes-du-4-au-8-juin-2025\\\/\",\"name\":\"LES VOILES D'ANTIBES DU 4 AU 8 JUIN 2025 - La Maison de Bacon\",\"isPartOf\":{\"@id\":\"https:\\\/\\\/maisondebacon.fr\\\/#website\"},\"primaryImageOfPage\":{\"@id\":\"https:\\\/\\\/maisondebacon.fr\\\/event\\\/les-voiles-dantibes-du-4-au-8-juin-2025\\\/#primaryimage\"},\"image\":{\"@id\":\"https:\\\/\\\/maisondebacon.fr\\\/event\\\/les-voiles-dantibes-du-4-au-8-juin-2025\\\/#primaryimage\"},\"thumbnailUrl\":\"https:\\\/\\\/maisondebacon.fr\\\/wp-content\\\/uploads\\\/2025\\\/06\\\/VOILES-ANTIBES-2025.jpeg\",\"datePublished\":\"2025-06-02T19:19:03+00:00\",\"breadcrumb\":{\"@id\":\"https:\\\/\\\/maisondebacon.fr\\\/event\\\/les-voiles-dantibes-du-4-au-8-juin-2025\\\/#breadcrumb\"},\"inLanguage\":\"en-US\",\"potentialAction\":[{\"@type\":\"ReadAction\",\"target\":[\"https:\\\/\\\/maisondebacon.fr\\\/event\\\/les-voiles-dantibes-du-4-au-8-juin-2025\\\/\"]}]},{\"@type\":\"ImageObject\",\"inLanguage\":\"en-US\",\"@id\":\"https:\\\/\\\/maisondebacon.fr\\\/event\\\/les-voiles-dantibes-du-4-au-8-juin-2025\\\/#primaryimage\",\"url\":\"https:\\\/\\\/maisondebacon.fr\\\/wp-content\\\/uploads\\\/2025\\\/06\\\/VOILES-ANTIBES-2025.jpeg\",\"contentUrl\":\"https:\\\/\\\/maisondebacon.fr\\\/wp-content\\\/uploads\\\/2025\\\/06\\\/VOILES-ANTIBES-2025.jpeg\",\"width\":474,\"height\":670,\"caption\":\"VOILES D ANTIBES 2025\"},{\"@type\":\"BreadcrumbList\",\"@id\":\"https:\\\/\\\/maisondebacon.fr\\\/event\\\/les-voiles-dantibes-du-4-au-8-juin-2025\\\/#breadcrumb\",\"itemListElement\":[{\"@type\":\"ListItem\",\"position\":1,\"name\":\"Accueil\",\"item\":\"https:\\\/\\\/maisondebacon.fr\\\/\"},{\"@type\":\"ListItem\",\"position\":2,\"name\":\"\u00c9v\u00e8nements\",\"item\":\"https:\\\/\\\/maisondebacon.fr\\\/events\\\/\"},{\"@type\":\"ListItem\",\"position\":3,\"name\":\"LES VOILES D&rsquo;ANTIBES DU 4 AU 8 JUIN 2025\"}]},{\"@type\":\"WebSite\",\"@id\":\"https:\\\/\\\/maisondebacon.fr\\\/#website\",\"url\":\"https:\\\/\\\/maisondebacon.fr\\\/\",\"name\":\"La Maison de Bacon\",\"description\":\"Rendre votre exp\u00e9rience unique\",\"potentialAction\":[{\"@type\":\"SearchAction\",\"target\":{\"@type\":\"EntryPoint\",\"urlTemplate\":\"https:\\\/\\\/maisondebacon.fr\\\/?s={search_term_string}\"},\"query-input\":{\"@type\":\"PropertyValueSpecification\",\"valueRequired\":true,\"valueName\":\"search_term_string\"}}],\"inLanguage\":\"en-US\"}]}<\/script>\n<!-- \/ Yoast SEO plugin. -->","yoast_head_json":{"title":"LES VOILES D'ANTIBES DU 4 AU 8 JUIN 2025 - La Maison de Bacon","robots":{"index":"index","follow":"follow","max-snippet":"max-snippet:-1","max-image-preview":"max-image-preview:large","max-video-preview":"max-video-preview:-1"},"canonical":"https:\/\/maisondebacon.fr\/en\/event\/les-voiles-dantibes-du-4-au-8-juin-2025\/","og_locale":"en_US","og_type":"article","og_title":"LES VOILES D'ANTIBES DU 4 AU 8 JUIN 2025 - La Maison de Bacon","og_description":"\ud83c\udf89 Les Voiles d\u2019Antibes 2025 \u2013 Une semaine de tradition et d\u2019\u00e9l\u00e9gance en mer \u26f5\ud83d\udcc5 Du mercredi 4 au dimanche 8 juin 2025\ud83d\udccd En face de la Maison de Bacon \u2013 Cap d\u2019Antibes Les Voiles d\u2019Antibes reviennent du 4 au [&hellip;]","og_url":"https:\/\/maisondebacon.fr\/en\/event\/les-voiles-dantibes-du-4-au-8-juin-2025\/","og_site_name":"La Maison de Bacon","og_image":[{"width":474,"height":670,"url":"https:\/\/maisondebacon.fr\/wp-content\/uploads\/2025\/06\/VOILES-ANTIBES-2025.jpeg","type":"image\/jpeg"}],"twitter_card":"summary_large_image","twitter_misc":{"Est. reading time":"1 minute"},"schema":{"@context":"https:\/\/schema.org","@graph":[{"@type":"WebPage","@id":"https:\/\/maisondebacon.fr\/event\/les-voiles-dantibes-du-4-au-8-juin-2025\/","url":"https:\/\/maisondebacon.fr\/event\/les-voiles-dantibes-du-4-au-8-juin-2025\/","name":"LES VOILES D'ANTIBES DU 4 AU 8 JUIN 2025 - La Maison de Bacon","isPartOf":{"@id":"https:\/\/maisondebacon.fr\/#website"},"primaryImageOfPage":{"@id":"https:\/\/maisondebacon.fr\/event\/les-voiles-dantibes-du-4-au-8-juin-2025\/#primaryimage"},"image":{"@id":"https:\/\/maisondebacon.fr\/event\/les-voiles-dantibes-du-4-au-8-juin-2025\/#primaryimage"},"thumbnailUrl":"https:\/\/maisondebacon.fr\/wp-content\/uploads\/2025\/06\/VOILES-ANTIBES-2025.jpeg","datePublished":"2025-06-02T19:19:03+00:00","breadcrumb":{"@id":"https:\/\/maisondebacon.fr\/event\/les-voiles-dantibes-du-4-au-8-juin-2025\/#breadcrumb"},"inLanguage":"en-US","potentialAction":[{"@type":"ReadAction","target":["https:\/\/maisondebacon.fr\/event\/les-voiles-dantibes-du-4-au-8-juin-2025\/"]}]},{"@type":"ImageObject","inLanguage":"en-US","@id":"https:\/\/maisondebacon.fr\/event\/les-voiles-dantibes-du-4-au-8-juin-2025\/#primaryimage","url":"https:\/\/maisondebacon.fr\/wp-content\/uploads\/2025\/06\/VOILES-ANTIBES-2025.jpeg","contentUrl":"https:\/\/maisondebacon.fr\/wp-content\/uploads\/2025\/06\/VOILES-ANTIBES-2025.jpeg","width":474,"height":670,"caption":"VOILES D ANTIBES 2025"},{"@type":"BreadcrumbList","@id":"https:\/\/maisondebacon.fr\/event\/les-voiles-dantibes-du-4-au-8-juin-2025\/#breadcrumb","itemListElement":[{"@type":"ListItem","position":1,"name":"Accueil","item":"https:\/\/maisondebacon.fr\/"},{"@type":"ListItem","position":2,"name":"\u00c9v\u00e8nements","item":"https:\/\/maisondebacon.fr\/events\/"},{"@type":"ListItem","position":3,"name":"LES VOILES D&rsquo;ANTIBES DU 4 AU 8 JUIN 2025"}]},{"@type":"WebSite","@id":"https:\/\/maisondebacon.fr\/#website","url":"https:\/\/maisondebacon.fr\/","name":"Bacon&#039;s House","description":"Rendre votre exp\u00e9rience unique","potentialAction":[{"@type":"SearchAction","target":{"@type":"EntryPoint","urlTemplate":"https:\/\/maisondebacon.fr\/?s={search_term_string}"},"query-input":{"@type":"PropertyValueSpecification","valueRequired":true,"valueName":"search_term_string"}}],"inLanguage":"en-US"}]}},"_links":{"self":[{"href":"https:\/\/maisondebacon.fr\/en\/wp-json\/wp\/v2\/tribe_events\/109067","targetHints":{"allow":["GET"]}}],"collection":[{"href":"https:\/\/maisondebacon.fr\/en\/wp-json\/wp\/v2\/tribe_events"}],"about":[{"href":"https:\/\/maisondebacon.fr\/en\/wp-json\/wp\/v2\/types\/tribe_events"}],"author":[{"embeddable":true,"href":"https:\/\/maisondebacon.fr\/en\/wp-json\/wp\/v2\/users\/7"}],"version-history":[{"count":1,"href":"https:\/\/maisondebacon.fr\/en\/wp-json\/wp\/v2\/tribe_events\/109067\/revisions"}],"predecessor-version":[{"id":109069,"href":"https:\/\/maisondebacon.fr\/en\/wp-json\/wp\/v2\/tribe_events\/109067\/revisions\/109069"}],"wp:featuredmedia":[{"embeddable":true,"href":"https:\/\/maisondebacon.fr\/en\/wp-json\/wp\/v2\/media\/109068"}],"wp:attachment":[{"href":"https:\/\/maisondebacon.fr\/en\/wp-json\/wp\/v2\/media?parent=109067"}],"wp:term":[{"taxonomy":"post_tag","embeddable":true,"href":"https:\/\/maisondebacon.fr\/en\/wp-json\/wp\/v2\/tags?post=109067"},{"taxonomy":"tribe_events_cat","embeddable":true,"href":"https:\/\/maisondebacon.fr\/en\/wp-json\/wp\/v2\/tribe_events_cat?post=109067"}],"curies":[{"name":"wp","href":"https:\/\/api.w.org\/{rel}","templated":true}]}}