{"id":109604,"date":"2025-08-03T09:55:31","date_gmt":"2025-08-03T07:55:31","guid":{"rendered":"https:\/\/maisondebacon.fr\/?post_type=tribe_events&#038;p=109604"},"modified":"2025-08-04T20:19:48","modified_gmt":"2025-08-04T18:19:48","slug":"28-aout-2025-sur-le-roof-top-diana-vargaz-ambiance-tropicale","status":"publish","type":"tribe_events","link":"https:\/\/maisondebacon.fr\/en\/event\/28-aout-2025-sur-le-roof-top-diana-vargaz-ambiance-tropicale\/","title":{"rendered":"28 AOUT 2025 SUR LE ROOF TOP : DIANA VARGAZ AMBIANCE TROPICALE !"},"content":{"rendered":"<p>Ambiance tropicale le 28 Ao\u00fbt 2025 <strong>sur le ROOF TOP.<\/strong><\/p>\n<p>Nous accueillons DIANA VARGAZ pour un concert live. Pr\u00e9parez&#8211;vous \u00e0 vivre une soir\u00e9e envo\u00fbtante sous le signe de la chaleur et des rythmes d&rsquo;Am\u00e9rique latine avec DIANA VARGAZ, voix embl\u00e9matique de la sc\u00e8ne latino. Energie, r\u00e9pertoire ensoleill\u00e9 m\u00ealant salsa, bachata, reggaeton, bol\u00e9ro et grands classiques latinos.<\/p>\n<p><strong>cocktails<\/strong> signature, grands classiques revisit\u00e9s et cr\u00e9ations de saison<\/p>\n<p><strong>plats \u00e0 partager<\/strong> : produits de la mer, inspirations m\u00e9diterran\u00e9ennes, assiettes g\u00e9n\u00e9reuses et raffin\u00e9es<\/p>\n<p>l&rsquo;\u00e9t\u00e9 commence :<strong> pensez \u00e0 r\u00e9server sur<\/strong> <strong><a href=\"https:\/\/bookings.zenchef.com\/results?rid=367528&amp;pid=1001&amp;lang=en\">CE LIEN\u00a0<\/a><\/strong><\/p>","protected":false},"excerpt":{"rendered":"<p>Ambiance tropicale le 28 Ao\u00fbt 2025 sur le ROOF TOP. Nous accueillons DIANA VARGAZ pour un concert live. Pr\u00e9parez&#8211;vous \u00e0 vivre une soir\u00e9e envo\u00fbtante sous le signe de la chaleur et des rythmes d&rsquo;Am\u00e9rique latine avec DIANA VARGAZ, voix embl\u00e9matique [&hellip;]<\/p>\n","protected":false},"author":1,"featured_media":109563,"template":"","meta":{"_tribe_events_status":"","_tribe_events_status_reason":"","footnotes":""},"tags":[],"tribe_events_cat":[174],"class_list":["post-109604","tribe_events","type-tribe_events","status-publish","has-post-thumbnail","hentry","tribe_events_cat-soiree-musicale","cat_soiree-musicale"],"yoast_head":"<!-- This site is optimized with the Yoast SEO plugin v27.5 - https:\/\/yoast.com\/product\/yoast-seo-wordpress\/ -->\n<title>28 AOUT 2025 SUR LE ROOF TOP : DIANA VARGAZ AMBIANCE TROPICALE ! - La Maison de Bacon<\/title>\n<meta name=\"robots\" content=\"index, follow, max-snippet:-1, max-image-preview:large, max-video-preview:-1\" \/>\n<link rel=\"canonical\" href=\"https:\/\/maisondebacon.fr\/en\/event\/28-aout-2025-sur-le-roof-top-diana-vargaz-ambiance-tropicale\/\" \/>\n<meta property=\"og:locale\" content=\"en_US\" \/>\n<meta property=\"og:type\" content=\"article\" \/>\n<meta property=\"og:title\" content=\"28 AOUT 2025 SUR LE ROOF TOP : DIANA VARGAZ AMBIANCE TROPICALE ! - La Maison de Bacon\" \/>\n<meta property=\"og:description\" content=\"Ambiance tropicale le 28 Ao\u00fbt 2025 sur le ROOF TOP. Nous accueillons DIANA VARGAZ pour un concert live. Pr\u00e9parez&#8211;vous \u00e0 vivre une soir\u00e9e envo\u00fbtante sous le signe de la chaleur et des rythmes d&rsquo;Am\u00e9rique latine avec DIANA VARGAZ, voix embl\u00e9matique [&hellip;]\" \/>\n<meta property=\"og:url\" content=\"https:\/\/maisondebacon.fr\/en\/event\/28-aout-2025-sur-le-roof-top-diana-vargaz-ambiance-tropicale\/\" \/>\n<meta property=\"og:site_name\" content=\"La Maison de Bacon\" \/>\n<meta property=\"article:modified_time\" content=\"2025-08-04T18:19:48+00:00\" \/>\n<meta property=\"og:image\" content=\"https:\/\/maisondebacon.fr\/wp-content\/uploads\/2025\/07\/WhatsApp-Image-2025-07-21-a-13.07.52_ba8fe48a.jpg\" \/>\n\t<meta property=\"og:image:width\" content=\"1366\" \/>\n\t<meta property=\"og:image:height\" content=\"2048\" \/>\n\t<meta property=\"og:image:type\" content=\"image\/jpeg\" \/>\n<meta name=\"twitter:card\" content=\"summary_large_image\" \/>\n<meta name=\"twitter:label1\" content=\"Est. reading time\" \/>\n\t<meta name=\"twitter:data1\" content=\"1 minute\" \/>\n<script type=\"application\/ld+json\" class=\"yoast-schema-graph\">{\"@context\":\"https:\\\/\\\/schema.org\",\"@graph\":[{\"@type\":\"WebPage\",\"@id\":\"https:\\\/\\\/maisondebacon.fr\\\/event\\\/28-aout-2025-sur-le-roof-top-diana-vargaz-ambiance-tropicale\\\/\",\"url\":\"https:\\\/\\\/maisondebacon.fr\\\/event\\\/28-aout-2025-sur-le-roof-top-diana-vargaz-ambiance-tropicale\\\/\",\"name\":\"28 AOUT 2025 SUR LE ROOF TOP : DIANA VARGAZ AMBIANCE TROPICALE ! - La Maison de Bacon\",\"isPartOf\":{\"@id\":\"https:\\\/\\\/maisondebacon.fr\\\/#website\"},\"primaryImageOfPage\":{\"@id\":\"https:\\\/\\\/maisondebacon.fr\\\/event\\\/28-aout-2025-sur-le-roof-top-diana-vargaz-ambiance-tropicale\\\/#primaryimage\"},\"image\":{\"@id\":\"https:\\\/\\\/maisondebacon.fr\\\/event\\\/28-aout-2025-sur-le-roof-top-diana-vargaz-ambiance-tropicale\\\/#primaryimage\"},\"thumbnailUrl\":\"https:\\\/\\\/maisondebacon.fr\\\/wp-content\\\/uploads\\\/2025\\\/07\\\/WhatsApp-Image-2025-07-21-a-13.07.52_ba8fe48a.jpg\",\"datePublished\":\"2025-08-03T07:55:31+00:00\",\"dateModified\":\"2025-08-04T18:19:48+00:00\",\"breadcrumb\":{\"@id\":\"https:\\\/\\\/maisondebacon.fr\\\/event\\\/28-aout-2025-sur-le-roof-top-diana-vargaz-ambiance-tropicale\\\/#breadcrumb\"},\"inLanguage\":\"en-US\",\"potentialAction\":[{\"@type\":\"ReadAction\",\"target\":[\"https:\\\/\\\/maisondebacon.fr\\\/event\\\/28-aout-2025-sur-le-roof-top-diana-vargaz-ambiance-tropicale\\\/\"]}]},{\"@type\":\"ImageObject\",\"inLanguage\":\"en-US\",\"@id\":\"https:\\\/\\\/maisondebacon.fr\\\/event\\\/28-aout-2025-sur-le-roof-top-diana-vargaz-ambiance-tropicale\\\/#primaryimage\",\"url\":\"https:\\\/\\\/maisondebacon.fr\\\/wp-content\\\/uploads\\\/2025\\\/07\\\/WhatsApp-Image-2025-07-21-a-13.07.52_ba8fe48a.jpg\",\"contentUrl\":\"https:\\\/\\\/maisondebacon.fr\\\/wp-content\\\/uploads\\\/2025\\\/07\\\/WhatsApp-Image-2025-07-21-a-13.07.52_ba8fe48a.jpg\",\"width\":1366,\"height\":2048},{\"@type\":\"BreadcrumbList\",\"@id\":\"https:\\\/\\\/maisondebacon.fr\\\/event\\\/28-aout-2025-sur-le-roof-top-diana-vargaz-ambiance-tropicale\\\/#breadcrumb\",\"itemListElement\":[{\"@type\":\"ListItem\",\"position\":1,\"name\":\"Accueil\",\"item\":\"https:\\\/\\\/maisondebacon.fr\\\/\"},{\"@type\":\"ListItem\",\"position\":2,\"name\":\"\u00c9v\u00e8nements\",\"item\":\"https:\\\/\\\/maisondebacon.fr\\\/events\\\/\"},{\"@type\":\"ListItem\",\"position\":3,\"name\":\"28 AOUT 2025 SUR LE ROOF TOP : DIANA VARGAZ AMBIANCE TROPICALE !\"}]},{\"@type\":\"WebSite\",\"@id\":\"https:\\\/\\\/maisondebacon.fr\\\/#website\",\"url\":\"https:\\\/\\\/maisondebacon.fr\\\/\",\"name\":\"La Maison de Bacon\",\"description\":\"Rendre votre exp\u00e9rience unique\",\"potentialAction\":[{\"@type\":\"SearchAction\",\"target\":{\"@type\":\"EntryPoint\",\"urlTemplate\":\"https:\\\/\\\/maisondebacon.fr\\\/?s={search_term_string}\"},\"query-input\":{\"@type\":\"PropertyValueSpecification\",\"valueRequired\":true,\"valueName\":\"search_term_string\"}}],\"inLanguage\":\"en-US\"}]}<\/script>\n<!-- \/ Yoast SEO plugin. -->","yoast_head_json":{"title":"28 AOUT 2025 SUR LE ROOF TOP : DIANA VARGAZ AMBIANCE TROPICALE ! - La Maison de Bacon","robots":{"index":"index","follow":"follow","max-snippet":"max-snippet:-1","max-image-preview":"max-image-preview:large","max-video-preview":"max-video-preview:-1"},"canonical":"https:\/\/maisondebacon.fr\/en\/event\/28-aout-2025-sur-le-roof-top-diana-vargaz-ambiance-tropicale\/","og_locale":"en_US","og_type":"article","og_title":"28 AOUT 2025 SUR LE ROOF TOP : DIANA VARGAZ AMBIANCE TROPICALE ! - La Maison de Bacon","og_description":"Ambiance tropicale le 28 Ao\u00fbt 2025 sur le ROOF TOP. Nous accueillons DIANA VARGAZ pour un concert live. Pr\u00e9parez&#8211;vous \u00e0 vivre une soir\u00e9e envo\u00fbtante sous le signe de la chaleur et des rythmes d&rsquo;Am\u00e9rique latine avec DIANA VARGAZ, voix embl\u00e9matique [&hellip;]","og_url":"https:\/\/maisondebacon.fr\/en\/event\/28-aout-2025-sur-le-roof-top-diana-vargaz-ambiance-tropicale\/","og_site_name":"La Maison de Bacon","article_modified_time":"2025-08-04T18:19:48+00:00","og_image":[{"width":1366,"height":2048,"url":"https:\/\/maisondebacon.fr\/wp-content\/uploads\/2025\/07\/WhatsApp-Image-2025-07-21-a-13.07.52_ba8fe48a.jpg","type":"image\/jpeg"}],"twitter_card":"summary_large_image","twitter_misc":{"Est. reading time":"1 minute"},"schema":{"@context":"https:\/\/schema.org","@graph":[{"@type":"WebPage","@id":"https:\/\/maisondebacon.fr\/event\/28-aout-2025-sur-le-roof-top-diana-vargaz-ambiance-tropicale\/","url":"https:\/\/maisondebacon.fr\/event\/28-aout-2025-sur-le-roof-top-diana-vargaz-ambiance-tropicale\/","name":"28 AOUT 2025 SUR LE ROOF TOP : DIANA VARGAZ AMBIANCE TROPICALE ! - La Maison de Bacon","isPartOf":{"@id":"https:\/\/maisondebacon.fr\/#website"},"primaryImageOfPage":{"@id":"https:\/\/maisondebacon.fr\/event\/28-aout-2025-sur-le-roof-top-diana-vargaz-ambiance-tropicale\/#primaryimage"},"image":{"@id":"https:\/\/maisondebacon.fr\/event\/28-aout-2025-sur-le-roof-top-diana-vargaz-ambiance-tropicale\/#primaryimage"},"thumbnailUrl":"https:\/\/maisondebacon.fr\/wp-content\/uploads\/2025\/07\/WhatsApp-Image-2025-07-21-a-13.07.52_ba8fe48a.jpg","datePublished":"2025-08-03T07:55:31+00:00","dateModified":"2025-08-04T18:19:48+00:00","breadcrumb":{"@id":"https:\/\/maisondebacon.fr\/event\/28-aout-2025-sur-le-roof-top-diana-vargaz-ambiance-tropicale\/#breadcrumb"},"inLanguage":"en-US","potentialAction":[{"@type":"ReadAction","target":["https:\/\/maisondebacon.fr\/event\/28-aout-2025-sur-le-roof-top-diana-vargaz-ambiance-tropicale\/"]}]},{"@type":"ImageObject","inLanguage":"en-US","@id":"https:\/\/maisondebacon.fr\/event\/28-aout-2025-sur-le-roof-top-diana-vargaz-ambiance-tropicale\/#primaryimage","url":"https:\/\/maisondebacon.fr\/wp-content\/uploads\/2025\/07\/WhatsApp-Image-2025-07-21-a-13.07.52_ba8fe48a.jpg","contentUrl":"https:\/\/maisondebacon.fr\/wp-content\/uploads\/2025\/07\/WhatsApp-Image-2025-07-21-a-13.07.52_ba8fe48a.jpg","width":1366,"height":2048},{"@type":"BreadcrumbList","@id":"https:\/\/maisondebacon.fr\/event\/28-aout-2025-sur-le-roof-top-diana-vargaz-ambiance-tropicale\/#breadcrumb","itemListElement":[{"@type":"ListItem","position":1,"name":"Accueil","item":"https:\/\/maisondebacon.fr\/"},{"@type":"ListItem","position":2,"name":"\u00c9v\u00e8nements","item":"https:\/\/maisondebacon.fr\/events\/"},{"@type":"ListItem","position":3,"name":"28 AOUT 2025 SUR LE ROOF TOP : DIANA VARGAZ AMBIANCE TROPICALE !"}]},{"@type":"WebSite","@id":"https:\/\/maisondebacon.fr\/#website","url":"https:\/\/maisondebacon.fr\/","name":"Bacon&#039;s House","description":"Rendre votre exp\u00e9rience unique","potentialAction":[{"@type":"SearchAction","target":{"@type":"EntryPoint","urlTemplate":"https:\/\/maisondebacon.fr\/?s={search_term_string}"},"query-input":{"@type":"PropertyValueSpecification","valueRequired":true,"valueName":"search_term_string"}}],"inLanguage":"en-US"}]}},"_links":{"self":[{"href":"https:\/\/maisondebacon.fr\/en\/wp-json\/wp\/v2\/tribe_events\/109604","targetHints":{"allow":["GET"]}}],"collection":[{"href":"https:\/\/maisondebacon.fr\/en\/wp-json\/wp\/v2\/tribe_events"}],"about":[{"href":"https:\/\/maisondebacon.fr\/en\/wp-json\/wp\/v2\/types\/tribe_events"}],"author":[{"embeddable":true,"href":"https:\/\/maisondebacon.fr\/en\/wp-json\/wp\/v2\/users\/1"}],"version-history":[{"count":3,"href":"https:\/\/maisondebacon.fr\/en\/wp-json\/wp\/v2\/tribe_events\/109604\/revisions"}],"predecessor-version":[{"id":109637,"href":"https:\/\/maisondebacon.fr\/en\/wp-json\/wp\/v2\/tribe_events\/109604\/revisions\/109637"}],"wp:featuredmedia":[{"embeddable":true,"href":"https:\/\/maisondebacon.fr\/en\/wp-json\/wp\/v2\/media\/109563"}],"wp:attachment":[{"href":"https:\/\/maisondebacon.fr\/en\/wp-json\/wp\/v2\/media?parent=109604"}],"wp:term":[{"taxonomy":"post_tag","embeddable":true,"href":"https:\/\/maisondebacon.fr\/en\/wp-json\/wp\/v2\/tags?post=109604"},{"taxonomy":"tribe_events_cat","embeddable":true,"href":"https:\/\/maisondebacon.fr\/en\/wp-json\/wp\/v2\/tribe_events_cat?post=109604"}],"curies":[{"name":"wp","href":"https:\/\/api.w.org\/{rel}","templated":true}]}}