{"id":109762,"date":"2025-10-20T11:18:06","date_gmt":"2025-10-20T09:18:06","guid":{"rendered":"https:\/\/maisondebacon.fr\/?post_type=tribe_events&#038;p=109762"},"modified":"2025-11-13T13:49:41","modified_gmt":"2025-11-13T12:49:41","slug":"diner-dexception-vendredi-21-11-25-avec-6-talents-de-la-gastronomie-francaise","status":"publish","type":"tribe_events","link":"https:\/\/maisondebacon.fr\/en\/event\/diner-dexception-vendredi-21-11-25-avec-6-talents-de-la-gastronomie-francaise\/","title":{"rendered":"DINER D\u2019EXCEPTION VENDREDI 21\/11\/25"},"content":{"rendered":"<p><strong>UNE SOIREE UNIQUE REUNISSANT SIX TALENTS DE LA GASTRONOMIE FRAN\u00c7AISE AU CAP D\u2019ANTIBES A LA MAISON DE BACON.<\/strong><\/p>\n<p>&nbsp;<\/p>\n<p>Le 21 Novembre 2025, la Maison de Bacon, institution embl\u00e9matique du Cap d\u2019Antibes, accueillera un d\u00eener d\u2019exception r\u00e9unissant certains des plus grands noms de la gastronomie fran\u00e7aise.<\/p>\n<p>&nbsp;<\/p>\n<p>Sous l\u2019impulsion de Laurent Le Fur, Directeur G\u00e9n\u00e9ral associ\u00e9 du restaurant, cette soir\u00e9e rendra hommage au partage, \u00e0 la cr\u00e9ativit\u00e9 et \u00e0 l\u2019amiti\u00e9 entre chefs.<\/p>\n<p>&nbsp;<\/p>\n<p>Pour une soir\u00e9e unique, la Maison de Bacon r\u00e9unit SIX grands chefs autour d&rsquo;un d\u00eener d&rsquo;exception, c\u00e9l\u00e9brant la cr\u00e9ativit\u00e9, le partage et la passion culinaire :<\/p>\n<p>&nbsp;<\/p>\n<p><strong>Nicolas Davouze \u2013 Bocuse d\u2019Or France<br \/>\n<\/strong>Chef passionn\u00e9 et talentueux, Nicolas Davouze s\u2019est illustr\u00e9 au Bocuse d\u2019Or France. Sa cuisine, pr\u00e9cise et inventive, c\u00e9l\u00e8bre les produits du terroir et de la mer avec \u00e9l\u00e9gance et modernit\u00e9.<\/p>\n<p>&nbsp;<\/p>\n<p><strong>Philippe Joannes \u2013 Meilleur Ouvrier de France<br \/>\n<\/strong>Chef embl\u00e9matique de la C\u00f4te d\u2019Azur et MOF 2000, Philippe Joannes incarne l\u2019excellence et la transmission du savoir-faire culinaire fran\u00e7ais. Il sublime les saveurs m\u00e9diterran\u00e9ennes dans une cuisine \u00e0 la fois g\u00e9n\u00e9reuse et raffin\u00e9e.<\/p>\n<p>&nbsp;<\/p>\n<p><strong>Alain Llorca &#8211; Chef \u00e9toil\u00e9 Michelin \u00e0 Saint Paul de Vence<br \/>\n<\/strong>Il incarne la Provence gourmande et raffin\u00e9e, entre tradition et modernit\u00e9<\/p>\n<p>&nbsp;<\/p>\n<p><strong>Nicolas Rondelli &#8211; Chef ex\u00e9cutif \u00e9toil\u00e9 Michelin du restaurant les P\u00eacheurs au Cap d&rsquo;Antibes<br \/>\n<\/strong>Ni\u00e7ois d&rsquo;origine,\u00a0<em>le chef Nicolas Rondelli est un passionn\u00e9, form\u00e9 sur la C\u00f4te d&rsquo;Azur aupr\u00e8s de tr\u00e8s grands chefs<\/em><strong><br \/>\n<\/strong><\/p>\n<p>&nbsp;<\/p>\n<p><strong>Steve Moracchini &#8211; Chef p\u00e2tissier \u00e9toil\u00e9, C\u00f4t\u00e9 Jardin by Steve Moracchini<br \/>\n<\/strong>Il signe des desserts d&rsquo;une finesse et d&rsquo;une po\u00e9sie rares<\/p>\n<p>&nbsp;<\/p>\n<p><strong>YorickTi\u00e8che &#8211; Chef \u00e9toil\u00e9 Michelin du Grand H\u00f4tel du Cap Ferrat,\u00a0<\/strong><br \/>\nil c\u00e9l\u00e8bre une cuisine m\u00e9diterran\u00e9enne d&rsquo;inspirtion, entre terre, mer et \u00e9l\u00e9gance<\/p>\n<p>&nbsp;<\/p>\n<p><img fetchpriority=\"high\" decoding=\"async\" class=\"alignnone wp-image-109863\" src=\"https:\/\/maisondebacon.fr\/wp-content\/uploads\/2025\/10\/alain-llorca.jpeg\" alt=\"\" width=\"329\" height=\"300\" srcset=\"https:\/\/maisondebacon.fr\/wp-content\/uploads\/2025\/10\/alain-llorca.jpeg 235w, https:\/\/maisondebacon.fr\/wp-content\/uploads\/2025\/10\/alain-llorca-13x12.jpeg 13w\" sizes=\"(max-width: 329px) 100vw, 329px\" \/> <img decoding=\"async\" class=\"alignnone size-medium wp-image-109864\" src=\"https:\/\/maisondebacon.fr\/wp-content\/uploads\/2025\/10\/CHEF-RONDELLI-240x300.jpg\" alt=\"\" width=\"240\" height=\"300\" srcset=\"https:\/\/maisondebacon.fr\/wp-content\/uploads\/2025\/10\/CHEF-RONDELLI-240x300.jpg 240w, https:\/\/maisondebacon.fr\/wp-content\/uploads\/2025\/10\/CHEF-RONDELLI-819x1024.jpg 819w, https:\/\/maisondebacon.fr\/wp-content\/uploads\/2025\/10\/CHEF-RONDELLI-768x960.jpg 768w, https:\/\/maisondebacon.fr\/wp-content\/uploads\/2025\/10\/CHEF-RONDELLI-1229x1536.jpg 1229w, https:\/\/maisondebacon.fr\/wp-content\/uploads\/2025\/10\/CHEF-RONDELLI-10x12.jpg 10w, https:\/\/maisondebacon.fr\/wp-content\/uploads\/2025\/10\/CHEF-RONDELLI-600x750.jpg 600w, https:\/\/maisondebacon.fr\/wp-content\/uploads\/2025\/10\/CHEF-RONDELLI.jpg 1280w\" sizes=\"(max-width: 240px) 100vw, 240px\" \/><img decoding=\"async\" class=\"size-medium wp-image-109865\" src=\"https:\/\/maisondebacon.fr\/wp-content\/uploads\/2025\/10\/nicolas-davouze-et-philippe-joannes-240x300.jpg\" alt=\"\" width=\"240\" height=\"300\" srcset=\"https:\/\/maisondebacon.fr\/wp-content\/uploads\/2025\/10\/nicolas-davouze-et-philippe-joannes-240x300.jpg 240w, https:\/\/maisondebacon.fr\/wp-content\/uploads\/2025\/10\/nicolas-davouze-et-philippe-joannes-819x1024.jpg 819w, https:\/\/maisondebacon.fr\/wp-content\/uploads\/2025\/10\/nicolas-davouze-et-philippe-joannes-768x960.jpg 768w, https:\/\/maisondebacon.fr\/wp-content\/uploads\/2025\/10\/nicolas-davouze-et-philippe-joannes-1229x1536.jpg 1229w, https:\/\/maisondebacon.fr\/wp-content\/uploads\/2025\/10\/nicolas-davouze-et-philippe-joannes-1639x2048.jpg 1639w, https:\/\/maisondebacon.fr\/wp-content\/uploads\/2025\/10\/nicolas-davouze-et-philippe-joannes-10x12.jpg 10w, https:\/\/maisondebacon.fr\/wp-content\/uploads\/2025\/10\/nicolas-davouze-et-philippe-joannes-600x750.jpg 600w\" sizes=\"(max-width: 240px) 100vw, 240px\" \/><\/p>\n<p><img loading=\"lazy\" decoding=\"async\" class=\"alignnone size-medium wp-image-109867\" src=\"https:\/\/maisondebacon.fr\/wp-content\/uploads\/2025\/10\/TIECHE-Yorick-Photo-1-300x300.jpg\" alt=\"\" width=\"300\" height=\"300\" srcset=\"https:\/\/maisondebacon.fr\/wp-content\/uploads\/2025\/10\/TIECHE-Yorick-Photo-1-300x300.jpg 300w, https:\/\/maisondebacon.fr\/wp-content\/uploads\/2025\/10\/TIECHE-Yorick-Photo-1-150x150.jpg 150w, https:\/\/maisondebacon.fr\/wp-content\/uploads\/2025\/10\/TIECHE-Yorick-Photo-1-768x768.jpg 768w, https:\/\/maisondebacon.fr\/wp-content\/uploads\/2025\/10\/TIECHE-Yorick-Photo-1-12x12.jpg 12w, https:\/\/maisondebacon.fr\/wp-content\/uploads\/2025\/10\/TIECHE-Yorick-Photo-1-650x650.jpg 650w, https:\/\/maisondebacon.fr\/wp-content\/uploads\/2025\/10\/TIECHE-Yorick-Photo-1-600x600.jpg 600w, https:\/\/maisondebacon.fr\/wp-content\/uploads\/2025\/10\/TIECHE-Yorick-Photo-1-100x100.jpg 100w, https:\/\/maisondebacon.fr\/wp-content\/uploads\/2025\/10\/TIECHE-Yorick-Photo-1.jpg 1000w\" sizes=\"(max-width: 300px) 100vw, 300px\" \/> <img loading=\"lazy\" decoding=\"async\" class=\"alignnone size-medium wp-image-109885\" src=\"https:\/\/maisondebacon.fr\/wp-content\/uploads\/2025\/10\/Steve-Moracchini-225x300.jpg\" alt=\"\" width=\"225\" height=\"300\" srcset=\"https:\/\/maisondebacon.fr\/wp-content\/uploads\/2025\/10\/Steve-Moracchini-225x300.jpg 225w, https:\/\/maisondebacon.fr\/wp-content\/uploads\/2025\/10\/Steve-Moracchini-768x1024.jpg 768w, https:\/\/maisondebacon.fr\/wp-content\/uploads\/2025\/10\/Steve-Moracchini-1152x1536.jpg 1152w, https:\/\/maisondebacon.fr\/wp-content\/uploads\/2025\/10\/Steve-Moracchini-9x12.jpg 9w, https:\/\/maisondebacon.fr\/wp-content\/uploads\/2025\/10\/Steve-Moracchini-600x800.jpg 600w, https:\/\/maisondebacon.fr\/wp-content\/uploads\/2025\/10\/Steve-Moracchini.jpg 1200w\" sizes=\"(max-width: 225px) 100vw, 225px\" \/><\/p>\n<p>&nbsp;<\/p>\n<p>Un menu exclusif \u00e0 plusieurs mains, imagin\u00e9 comme un hommage \u00e0 la haute cuisine m\u00e9diterran\u00e9enne. Un moment rare, \u00e0 savourer face \u00e0 la mer, au coeur du Cap d&rsquo;Antibes.<\/p>\n<p>Ce d\u00eener in\u00e9dit promet une symphonie de saveurs, un hommage \u00e0 la M\u00e9diterran\u00e9e et \u00e0 la convivialit\u00e9 entre grands talents.<\/p>\n<p>Les convives vivront une exp\u00e9rience gastronomique unique dans l\u2019un des lieux les plus embl\u00e9matiques de la C\u00f4te d\u2019Azur.<\/p>\n<p>&nbsp;<\/p>\n<p>Vendredi 21 novembre 2025 \u00e0 19 :30<\/p>\n<p>Maison de Bacon \u2013 Cap d\u2019Antibes<\/p>\n<p>D\u00eener sur r\u00e9servation uniquement \u2013 places limit\u00e9es<\/p>\n<p>\ud83d\udcde 04 93 61 50 02 | <a href=\"mailto:reservation@maisondebacon.fr\">reservation@maisondebacon.fr<\/a><\/p>\n<p>r\u00e9servation en ligne : <a href=\"https:\/\/bookings.zenchef.com\/results?rid=354476&amp;pid=1001\"><strong>BOOK NOW<\/strong><\/a><\/p>\n<p>&nbsp;<\/p>\n<p>&nbsp;<\/p>\n<p>&nbsp;<\/p>\n<p>&nbsp;<\/p>\n<p>&nbsp;<\/p>","protected":false},"excerpt":{"rendered":"<p>UNE SOIREE UNIQUE REUNISSANT SIX TALENTS DE LA GASTRONOMIE FRAN\u00c7AISE AU CAP D\u2019ANTIBES A LA MAISON DE BACON. &nbsp; Le 21 Novembre 2025, la Maison de Bacon, institution embl\u00e9matique du Cap d\u2019Antibes, accueillera un d\u00eener d\u2019exception r\u00e9unissant certains des plus [&hellip;]<\/p>\n","protected":false},"author":1,"featured_media":0,"template":"","meta":{"_tribe_events_status":"","_tribe_events_status_reason":"","footnotes":""},"tags":[],"tribe_events_cat":[],"class_list":["post-109762","tribe_events","type-tribe_events","status-publish","hentry"],"yoast_head":"<!-- This site is optimized with the Yoast SEO plugin v27.5 - https:\/\/yoast.com\/product\/yoast-seo-wordpress\/ -->\n<title>DINER D\u2019EXCEPTION VENDREDI 21\/11\/25 - La Maison de Bacon<\/title>\n<meta name=\"description\" content=\"% La Maison de Bacon\" \/>\n<meta name=\"robots\" content=\"index, follow, max-snippet:-1, max-image-preview:large, max-video-preview:-1\" \/>\n<link rel=\"canonical\" href=\"https:\/\/maisondebacon.fr\/en\/event\/diner-dexception-vendredi-21-11-25-avec-6-talents-de-la-gastronomie-francaise\/\" \/>\n<meta property=\"og:locale\" content=\"en_US\" \/>\n<meta property=\"og:type\" content=\"article\" \/>\n<meta property=\"og:title\" content=\"DINER D\u2019EXCEPTION VENDREDI 21\/11\/25 - La Maison de Bacon\" \/>\n<meta property=\"og:description\" content=\"% La Maison de Bacon\" \/>\n<meta property=\"og:url\" content=\"https:\/\/maisondebacon.fr\/en\/event\/diner-dexception-vendredi-21-11-25-avec-6-talents-de-la-gastronomie-francaise\/\" \/>\n<meta property=\"og:site_name\" content=\"La Maison de Bacon\" \/>\n<meta property=\"article:modified_time\" content=\"2025-11-13T12:49:41+00:00\" \/>\n<meta property=\"og:image\" content=\"https:\/\/maisondebacon.fr\/wp-content\/uploads\/2025\/10\/alain-llorca.jpeg\" \/>\n\t<meta property=\"og:image:width\" content=\"235\" \/>\n\t<meta property=\"og:image:height\" content=\"214\" \/>\n\t<meta property=\"og:image:type\" content=\"image\/jpeg\" \/>\n<meta name=\"twitter:card\" content=\"summary_large_image\" \/>\n<meta name=\"twitter:label1\" content=\"Est. reading time\" \/>\n\t<meta name=\"twitter:data1\" content=\"3 minutes\" \/>\n<script type=\"application\/ld+json\" class=\"yoast-schema-graph\">{\"@context\":\"https:\\\/\\\/schema.org\",\"@graph\":[{\"@type\":\"WebPage\",\"@id\":\"https:\\\/\\\/maisondebacon.fr\\\/event\\\/diner-dexception-vendredi-21-11-25-avec-6-talents-de-la-gastronomie-francaise\\\/\",\"url\":\"https:\\\/\\\/maisondebacon.fr\\\/event\\\/diner-dexception-vendredi-21-11-25-avec-6-talents-de-la-gastronomie-francaise\\\/\",\"name\":\"DINER D\u2019EXCEPTION VENDREDI 21\\\/11\\\/25 - La Maison de Bacon\",\"isPartOf\":{\"@id\":\"https:\\\/\\\/maisondebacon.fr\\\/#website\"},\"primaryImageOfPage\":{\"@id\":\"https:\\\/\\\/maisondebacon.fr\\\/event\\\/diner-dexception-vendredi-21-11-25-avec-6-talents-de-la-gastronomie-francaise\\\/#primaryimage\"},\"image\":{\"@id\":\"https:\\\/\\\/maisondebacon.fr\\\/event\\\/diner-dexception-vendredi-21-11-25-avec-6-talents-de-la-gastronomie-francaise\\\/#primaryimage\"},\"thumbnailUrl\":\"https:\\\/\\\/maisondebacon.fr\\\/wp-content\\\/uploads\\\/2025\\\/10\\\/alain-llorca.jpeg\",\"datePublished\":\"2025-10-20T09:18:06+00:00\",\"dateModified\":\"2025-11-13T12:49:41+00:00\",\"description\":\"% La Maison de Bacon\",\"breadcrumb\":{\"@id\":\"https:\\\/\\\/maisondebacon.fr\\\/event\\\/diner-dexception-vendredi-21-11-25-avec-6-talents-de-la-gastronomie-francaise\\\/#breadcrumb\"},\"inLanguage\":\"en-US\",\"potentialAction\":[{\"@type\":\"ReadAction\",\"target\":[\"https:\\\/\\\/maisondebacon.fr\\\/event\\\/diner-dexception-vendredi-21-11-25-avec-6-talents-de-la-gastronomie-francaise\\\/\"]}]},{\"@type\":\"ImageObject\",\"inLanguage\":\"en-US\",\"@id\":\"https:\\\/\\\/maisondebacon.fr\\\/event\\\/diner-dexception-vendredi-21-11-25-avec-6-talents-de-la-gastronomie-francaise\\\/#primaryimage\",\"url\":\"https:\\\/\\\/maisondebacon.fr\\\/wp-content\\\/uploads\\\/2025\\\/10\\\/alain-llorca.jpeg\",\"contentUrl\":\"https:\\\/\\\/maisondebacon.fr\\\/wp-content\\\/uploads\\\/2025\\\/10\\\/alain-llorca.jpeg\"},{\"@type\":\"BreadcrumbList\",\"@id\":\"https:\\\/\\\/maisondebacon.fr\\\/event\\\/diner-dexception-vendredi-21-11-25-avec-6-talents-de-la-gastronomie-francaise\\\/#breadcrumb\",\"itemListElement\":[{\"@type\":\"ListItem\",\"position\":1,\"name\":\"Accueil\",\"item\":\"https:\\\/\\\/maisondebacon.fr\\\/\"},{\"@type\":\"ListItem\",\"position\":2,\"name\":\"\u00c9v\u00e8nements\",\"item\":\"https:\\\/\\\/maisondebacon.fr\\\/events\\\/\"},{\"@type\":\"ListItem\",\"position\":3,\"name\":\"DINER D\u2019EXCEPTION VENDREDI 21\\\/11\\\/25\"}]},{\"@type\":\"WebSite\",\"@id\":\"https:\\\/\\\/maisondebacon.fr\\\/#website\",\"url\":\"https:\\\/\\\/maisondebacon.fr\\\/\",\"name\":\"La Maison de Bacon\",\"description\":\"Rendre votre exp\u00e9rience unique\",\"potentialAction\":[{\"@type\":\"SearchAction\",\"target\":{\"@type\":\"EntryPoint\",\"urlTemplate\":\"https:\\\/\\\/maisondebacon.fr\\\/?s={search_term_string}\"},\"query-input\":{\"@type\":\"PropertyValueSpecification\",\"valueRequired\":true,\"valueName\":\"search_term_string\"}}],\"inLanguage\":\"en-US\"}]}<\/script>\n<!-- \/ Yoast SEO plugin. -->","yoast_head_json":{"title":"DINER D\u2019EXCEPTION VENDREDI 21\/11\/25 - La Maison de Bacon","description":"% La Maison de Bacon","robots":{"index":"index","follow":"follow","max-snippet":"max-snippet:-1","max-image-preview":"max-image-preview:large","max-video-preview":"max-video-preview:-1"},"canonical":"https:\/\/maisondebacon.fr\/en\/event\/diner-dexception-vendredi-21-11-25-avec-6-talents-de-la-gastronomie-francaise\/","og_locale":"en_US","og_type":"article","og_title":"DINER D\u2019EXCEPTION VENDREDI 21\/11\/25 - La Maison de Bacon","og_description":"% La Maison de Bacon","og_url":"https:\/\/maisondebacon.fr\/en\/event\/diner-dexception-vendredi-21-11-25-avec-6-talents-de-la-gastronomie-francaise\/","og_site_name":"La Maison de Bacon","article_modified_time":"2025-11-13T12:49:41+00:00","og_image":[{"width":235,"height":214,"url":"https:\/\/maisondebacon.fr\/wp-content\/uploads\/2025\/10\/alain-llorca.jpeg","type":"image\/jpeg"}],"twitter_card":"summary_large_image","twitter_misc":{"Est. reading time":"3 minutes"},"schema":{"@context":"https:\/\/schema.org","@graph":[{"@type":"WebPage","@id":"https:\/\/maisondebacon.fr\/event\/diner-dexception-vendredi-21-11-25-avec-6-talents-de-la-gastronomie-francaise\/","url":"https:\/\/maisondebacon.fr\/event\/diner-dexception-vendredi-21-11-25-avec-6-talents-de-la-gastronomie-francaise\/","name":"DINER D\u2019EXCEPTION VENDREDI 21\/11\/25 - La Maison de Bacon","isPartOf":{"@id":"https:\/\/maisondebacon.fr\/#website"},"primaryImageOfPage":{"@id":"https:\/\/maisondebacon.fr\/event\/diner-dexception-vendredi-21-11-25-avec-6-talents-de-la-gastronomie-francaise\/#primaryimage"},"image":{"@id":"https:\/\/maisondebacon.fr\/event\/diner-dexception-vendredi-21-11-25-avec-6-talents-de-la-gastronomie-francaise\/#primaryimage"},"thumbnailUrl":"https:\/\/maisondebacon.fr\/wp-content\/uploads\/2025\/10\/alain-llorca.jpeg","datePublished":"2025-10-20T09:18:06+00:00","dateModified":"2025-11-13T12:49:41+00:00","description":"% La Maison de Bacon","breadcrumb":{"@id":"https:\/\/maisondebacon.fr\/event\/diner-dexception-vendredi-21-11-25-avec-6-talents-de-la-gastronomie-francaise\/#breadcrumb"},"inLanguage":"en-US","potentialAction":[{"@type":"ReadAction","target":["https:\/\/maisondebacon.fr\/event\/diner-dexception-vendredi-21-11-25-avec-6-talents-de-la-gastronomie-francaise\/"]}]},{"@type":"ImageObject","inLanguage":"en-US","@id":"https:\/\/maisondebacon.fr\/event\/diner-dexception-vendredi-21-11-25-avec-6-talents-de-la-gastronomie-francaise\/#primaryimage","url":"https:\/\/maisondebacon.fr\/wp-content\/uploads\/2025\/10\/alain-llorca.jpeg","contentUrl":"https:\/\/maisondebacon.fr\/wp-content\/uploads\/2025\/10\/alain-llorca.jpeg"},{"@type":"BreadcrumbList","@id":"https:\/\/maisondebacon.fr\/event\/diner-dexception-vendredi-21-11-25-avec-6-talents-de-la-gastronomie-francaise\/#breadcrumb","itemListElement":[{"@type":"ListItem","position":1,"name":"Accueil","item":"https:\/\/maisondebacon.fr\/"},{"@type":"ListItem","position":2,"name":"\u00c9v\u00e8nements","item":"https:\/\/maisondebacon.fr\/events\/"},{"@type":"ListItem","position":3,"name":"DINER D\u2019EXCEPTION VENDREDI 21\/11\/25"}]},{"@type":"WebSite","@id":"https:\/\/maisondebacon.fr\/#website","url":"https:\/\/maisondebacon.fr\/","name":"Bacon&#039;s House","description":"Rendre votre exp\u00e9rience unique","potentialAction":[{"@type":"SearchAction","target":{"@type":"EntryPoint","urlTemplate":"https:\/\/maisondebacon.fr\/?s={search_term_string}"},"query-input":{"@type":"PropertyValueSpecification","valueRequired":true,"valueName":"search_term_string"}}],"inLanguage":"en-US"}]}},"_links":{"self":[{"href":"https:\/\/maisondebacon.fr\/en\/wp-json\/wp\/v2\/tribe_events\/109762","targetHints":{"allow":["GET"]}}],"collection":[{"href":"https:\/\/maisondebacon.fr\/en\/wp-json\/wp\/v2\/tribe_events"}],"about":[{"href":"https:\/\/maisondebacon.fr\/en\/wp-json\/wp\/v2\/types\/tribe_events"}],"author":[{"embeddable":true,"href":"https:\/\/maisondebacon.fr\/en\/wp-json\/wp\/v2\/users\/1"}],"version-history":[{"count":5,"href":"https:\/\/maisondebacon.fr\/en\/wp-json\/wp\/v2\/tribe_events\/109762\/revisions"}],"predecessor-version":[{"id":109887,"href":"https:\/\/maisondebacon.fr\/en\/wp-json\/wp\/v2\/tribe_events\/109762\/revisions\/109887"}],"wp:attachment":[{"href":"https:\/\/maisondebacon.fr\/en\/wp-json\/wp\/v2\/media?parent=109762"}],"wp:term":[{"taxonomy":"post_tag","embeddable":true,"href":"https:\/\/maisondebacon.fr\/en\/wp-json\/wp\/v2\/tags?post=109762"},{"taxonomy":"tribe_events_cat","embeddable":true,"href":"https:\/\/maisondebacon.fr\/en\/wp-json\/wp\/v2\/tribe_events_cat?post=109762"}],"curies":[{"name":"wp","href":"https:\/\/api.w.org\/{rel}","templated":true}]}}